{"id":22811,"date":"2023-12-28T14:46:50","date_gmt":"2023-12-28T13:46:50","guid":{"rendered":"https:\/\/www.camping-ametza.com\/evader\/"},"modified":"2024-01-09T13:55:26","modified_gmt":"2024-01-09T12:55:26","slug":"entfliehen","status":"publish","type":"page","link":"https:\/\/www.camping-ametza.com\/de\/entfliehen\/","title":{"rendered":"Entfliehen"},"content":{"rendered":"<section id=\"ls-section-block_48d3425e9a0416e11488ec82623bec80\" class=\"ls-section  page-one p-b-20\" >\r\n        <div class=\"container container--wide\">\r\n        \n\n<div class=\"wp-block-columns are-vertically-aligned-center is-layout-flex wp-container-core-columns-is-layout-9d6595d7 wp-block-columns-is-layout-flex\">\n<div class=\"wp-block-column is-vertically-aligned-center column-parallax is-layout-flow wp-block-column-is-layout-flow\" style=\"flex-basis:60%\">\n<figure class=\"wp-block-gallery has-nested-images columns-default is-cropped wp-block-gallery-1 is-layout-flex wp-block-gallery-is-layout-flex\">\n<figure class=\"wp-block-image size-full\"><a href=\"https:\/\/www.camping-ametza.com\/wp-content\/uploads\/2023\/12\/cocosweet-location-insolite-camping-4-etoiles-pays-basque-scaled.webp\"><img decoding=\"async\" width=\"2560\" height=\"1707\" data-id=\"17666\" src=\"https:\/\/www.camping-ametza.com\/wp-content\/uploads\/2023\/12\/cocosweet-location-insolite-camping-4-etoiles-pays-basque-scaled.webp\" alt=\"cocosweet ungew&#xF6;hnliche miete camping 4 sterne baskenland\" class=\"wp-image-17666\" srcset=\"https:\/\/www.camping-ametza.com\/wp-content\/uploads\/2023\/12\/cocosweet-location-insolite-camping-4-etoiles-pays-basque-scaled.webp 2560w, https:\/\/www.camping-ametza.com\/wp-content\/uploads\/2023\/12\/cocosweet-location-insolite-camping-4-etoiles-pays-basque-300x200.webp 300w, https:\/\/www.camping-ametza.com\/wp-content\/uploads\/2023\/12\/cocosweet-location-insolite-camping-4-etoiles-pays-basque-1024x683.webp 1024w, https:\/\/www.camping-ametza.com\/wp-content\/uploads\/2023\/12\/cocosweet-location-insolite-camping-4-etoiles-pays-basque-768x512.webp 768w, https:\/\/www.camping-ametza.com\/wp-content\/uploads\/2023\/12\/cocosweet-location-insolite-camping-4-etoiles-pays-basque-1536x1024.webp 1536w, https:\/\/www.camping-ametza.com\/wp-content\/uploads\/2023\/12\/cocosweet-location-insolite-camping-4-etoiles-pays-basque-2048x1365.webp 2048w\" sizes=\"(max-width: 2560px) 100vw, 2560px\" \/><\/a><\/figure>\n\n\n\n<figure class=\"wp-block-image size-full\"><a href=\"https:\/\/www.camping-ametza.com\/wp-content\/uploads\/2023\/12\/locations-pays-basque-camping.webp\"><img decoding=\"async\" width=\"1500\" height=\"1000\" data-id=\"17671\" src=\"https:\/\/www.camping-ametza.com\/wp-content\/uploads\/2023\/12\/locations-pays-basque-camping.webp\" alt=\"vermietung baskenland camping\" class=\"wp-image-17671\" srcset=\"https:\/\/www.camping-ametza.com\/wp-content\/uploads\/2023\/12\/locations-pays-basque-camping.webp 1500w, https:\/\/www.camping-ametza.com\/wp-content\/uploads\/2023\/12\/locations-pays-basque-camping-300x200.webp 300w, https:\/\/www.camping-ametza.com\/wp-content\/uploads\/2023\/12\/locations-pays-basque-camping-1024x683.webp 1024w, https:\/\/www.camping-ametza.com\/wp-content\/uploads\/2023\/12\/locations-pays-basque-camping-768x512.webp 768w\" sizes=\"(max-width: 1500px) 100vw, 1500px\" \/><\/a><\/figure>\n<\/figure>\n<\/div>\n\n\n\n<div class=\"wp-block-column is-vertically-aligned-center has-color-3-background-color has-background is-layout-flow wp-block-column-is-layout-flow\" style=\"flex-basis:40%\">\n<h2 class=\"ls__heading wp-block-heading\"><strong>Mobilheime, Coco Sweet und Chalets<\/strong>: Die perfekte Balance zwischen Abenteuer und Komfort<\/h2>\n\n\n\n<p class=\"ls-paragraph\">Der <a href=\"\/\">Campingplatz Ametza in Hendaye<\/a> ist der ideale Ort f\u00fcr Familien, die eine Auszeit in einer <strong>nat\u00fcrlichen Umgebung<\/strong> suchen und dabei alle notwendigen <strong>Annehmlichkeiten<\/strong> genie\u00dfen m\u00f6chten.<\/p>\n\n\n\n<div class=\"ls-lire-plus\">\n    <input id=\"ls-lire-plus-block_52cdbd5903bee8297f738e7500d173d069f50cec9deb2\" type=\"checkbox\" class=\"ls-lire-plus__toggle\"  \/>\n    <label for=\"ls-lire-plus-block_52cdbd5903bee8297f738e7500d173d069f50cec9deb2\" class=\"ls-lire-plus__toggle-label\">\n        <span>Lesen Sie mehr<\/span>\n        <span>Weniger lesen<\/span>\n    <\/label>\n    <div class=\"ls-lire-plus__content\">\n        \n\n<p class=\"ls-paragraph\">Unsere Unterk\u00fcnfte &#8222;<a href=\"https:\/\/www.camping-ametza.com\/de\/ferienwohnungen\/gamme-nature-harmonie\/\">Nature Harmonie<\/a>&#8220; und &#8222;<a href=\"https:\/\/www.camping-ametza.com\/de\/ferienwohnungen\/gamme-nature-charme\/\">Nature Charme<\/a>&#8220; sind speziell darauf ausgerichtet, <strong>Familien<\/strong> und <strong>Gruppen von Freunden<\/strong> ein unvergessliches Urlaubserlebnis zu bieten.<\/p>\n\n\n\n<p class=\"ls-paragraph\">Unsere Mobilheime, Coco Sweet und Chalets bieten die perfekte Balance zwischen Abenteuer und Komfort. <strong>Ger\u00e4umig<\/strong>, <strong>gut ausgestattet<\/strong> und in eine <strong>nat\u00fcrliche Umgebung<\/strong> eingebettet, machen sie Familien und Gruppen von Freunden gl\u00fccklich.<\/p>\n\n\n\n<p class=\"ls-paragraph\">Genie\u00dfen Sie eine <strong>voll ausgestattete K\u00fcche<\/strong>, <strong>komfortable Schlafzimmer<\/strong> und<strong>gesellige Wohnbereiche<\/strong>, die perfekt sind, um sich nach einem Tag voller Erkundungen oder Aktivit\u00e4ten im Freien oder am Meer zu entspannen.<\/p>\n\n        <div class=\"ls-lire-plus__gradient\" style=\"background: linear-gradient(to bottom,rgba(255,255,255,0) 0%,rgba(255,255,255,1) 100%);\"><\/div>\n    <\/div>\n<\/div><\/div>\n<\/div>\n\n\r\n    <\/div>\r\n<\/section><section id=\"ls-section-block_d3ae33d0f56de94c350a7280956e9135\" class=\"ls-section  p-t-0 has-m-l m-l-10 has-m-r m-r-10\" >\r\n        <div class=\"container container--full\">\r\n        \n\n<div id=\"ls-heading ls-titre-div-block_8fa57febb3df989b280b5c984240e3ef\" class=\"ls-titre-div h1-like\" >\n    <strong>Schlafen in v\u00f6lliger<\/strong> <span>Ruhe<\/span> <em>ist m\u00f6glich<\/em><\/div>\n\n\n\n<div id=\"ls-maillage-block_6d156dec9b71232074882be374ac213a\" class=\"ls-maillage vertical cta-style-normal\" data-rows=\"5\">\n\n    <div class=\"wp-block-columns\"><div class=\"wp-block-column\"><div class=\"ls-cta\">\n\n<a href=\"https:\/\/www.camping-ametza.com\/de\/ferienwohnungen\/gamme-nature-authentique\/\" target=\"\" rel=\"noopener\" class=\"ls-cta__link\">\n\n\t<div class=\"ls-cta__image\"><img decoding=\"async\" src=\"https:\/\/www.camping-ametza.com\/wp-content\/uploads\/2023\/12\/NATURE_AUTHENTIQUE-scaled.webp\" alt=\"AUTHENTISCHE NATUR\"><\/div>\n\n\t<div class=\"ls-cta__content\">\n\t\t<div class=\"ls-cta__title\">\n\t\t\tNature Authentique\t\t<\/div>\n\n\t\t\t\t\t<div class=\"ls-cta__description\">\n\t\t\t\tTraditionelle Stellpl\u00e4tze &#038; Zelte\t\t\t<\/div>\n\t\t\t<\/div>\n\n<\/a><\/div><\/div><div class=\"wp-block-column\"><div class=\"ls-cta\">\n\n<a href=\"https:\/\/www.camping-ametza.com\/de\/ferienwohnungen\/gamme-nature-harmonie\/\" target=\"\" rel=\"noopener\" class=\"ls-cta__link\">\n\n\t<div class=\"ls-cta__image\"><img decoding=\"async\" src=\"https:\/\/www.camping-ametza.com\/wp-content\/uploads\/2023\/12\/location-pays-basque-cocosweet-nature-harmonie-camping-ametza.webp\" alt=\"\"><\/div>\n\n\t<div class=\"ls-cta__content\">\n\t\t<div class=\"ls-cta__title\">\n\t\t\tNature harmonie\t\t<\/div>\n\n\t\t\t\t\t<div class=\"ls-cta__description\">\n\t\t\t\tMobilheime &#038; Coco Sweet\t\t\t<\/div>\n\t\t\t<\/div>\n\n<\/a><\/div><\/div><div class=\"wp-block-column\"><div class=\"ls-cta\">\n\n<a href=\"https:\/\/www.camping-ametza.com\/de\/ferienwohnungen\/gamme-nature-elegance\/\" target=\"\" rel=\"noopener\" class=\"ls-cta__link\">\n\n\t<div class=\"ls-cta__image\"><img decoding=\"async\" src=\"https:\/\/www.camping-ametza.com\/wp-content\/uploads\/2023\/12\/mobil-home-nature-elegance-camping-ametza.webp\" alt=\"mobilheim natur eleganz camping ametza\"><div class=\"ls-cta__options\"><div class=\"ls-cta__options__item\">Pack Confort+<\/div><\/div><\/div>\n\n\t<div class=\"ls-cta__content\">\n\t\t<div class=\"ls-cta__title\">\n\t\t\tNature \u00e9l\u00e9gance\t\t<\/div>\n\n\t\t\t\t\t<div class=\"ls-cta__description\">\n\t\t\t\tMobilheime\t\t\t<\/div>\n\t\t\t<\/div>\n\n<\/a><\/div><\/div><div class=\"wp-block-column\"><div class=\"ls-cta\">\n\n<a href=\"https:\/\/www.camping-ametza.com\/de\/ferienwohnungen\/gamme-nature-seduction\/\" target=\"\" rel=\"noopener\" class=\"ls-cta__link\">\n\n\t<div class=\"ls-cta__image\"><img decoding=\"async\" src=\"https:\/\/www.camping-ametza.com\/wp-content\/uploads\/2023\/12\/location-mobil-homes-pays-basque-gamme-nature-seduction.webp\" alt=\"vermietung mobilheime baskenland bereich natur seduction\"><\/div>\n\n\t<div class=\"ls-cta__content\">\n\t\t<div class=\"ls-cta__title\">\n\t\t\tNature s\u00e9duction\t\t<\/div>\n\n\t\t\t\t\t<div class=\"ls-cta__description\">\n\t\t\t\tMobilheime\t\t\t<\/div>\n\t\t\t<\/div>\n\n<\/a><\/div><\/div><div class=\"wp-block-column\"><div class=\"ls-cta\">\n\n<a href=\"https:\/\/www.camping-ametza.com\/de\/ferienwohnungen\/gamme-nature-charme\/\" target=\"\" rel=\"noopener\" class=\"ls-cta__link\">\n\n\t<div class=\"ls-cta__image\"><img decoding=\"async\" src=\"https:\/\/www.camping-ametza.com\/wp-content\/uploads\/2023\/12\/NATURE-CHARME-scaled.webp\" alt=\"NATUR CHARME\"><\/div>\n\n\t<div class=\"ls-cta__content\">\n\t\t<div class=\"ls-cta__title\">\n\t\t\tNature charme\t\t<\/div>\n\n\t\t\t\t\t<div class=\"ls-cta__description\">\n\t\t\t\tMobilheime &#038; Chalets\t\t\t<\/div>\n\t\t\t<\/div>\n\n<\/a><\/div><\/div><\/div>\n<\/div>\n\r\n    <\/div>\r\n<\/section><section id=\"ls-section-block_f0a9ffb4b213ff403149654c37871b02\" class=\"ls-section  home-seventh page-three has-background-image\" >\r\n    <div class=\"ls-section__background-image opacity-100\"><img decoding=\"async\" src=\"https:\/\/www.camping-ametza.com\/wp-content\/uploads\/2023\/12\/HEADER-CONTACT-camping-ametza-hendaye-scaled.webp\" alt=\"HEADER CONTACT camping ametza hendaye\"><\/div>    <div class=\"container container--wide\">\r\n        \n\n<div class=\"wp-block-columns is-layout-flex wp-container-core-columns-is-layout-9d6595d7 wp-block-columns-is-layout-flex\">\n<div class=\"wp-block-column is-layout-flow wp-block-column-is-layout-flow\">\n<h2 class=\"ls__heading wp-block-heading has-text-align-center\">Aktivit\u00e4ten<br\/><strong>f\u00fcr die ganze Familie<\/strong><\/h2>\n\n\n\n<p class=\"ls-paragraph has-text-align-center\">Der Campingplatz Ametza bietet eine Reihe von Aktivit\u00e4ten an, die f\u00fcr alle Altersgruppen geeignet sind. Mit einem einfachen Zugang zum Strand von Hendaye, Spielpl\u00e4tzen f\u00fcr Kinder und der N\u00e4he zu den Attraktionen des Baskenlandes gibt es immer etwas zu tun, um die ganze Familie zu unterhalten.<\/p>\n\n\n\n<p class=\"ls-paragraph has-text-align-center\">Unser <a href=\"https:\/\/www.camping-ametza.com\/de\/familiencampingplatz-im-baskenland\/animationen\/\">Animationsteam<\/a> in der Hochsaison sorgt daf\u00fcr, dass jeder Tag ein neues Abenteuer f\u00fcr Ihre Kinder ist.<\/p>\n<\/div>\n<\/div>\n\n\r\n    <\/div>\r\n<\/section><section id=\"ls-section-block_9c001465239435b3c0ad40c4ec7cc616\" class=\"ls-section  page-two\" >\r\n        <div class=\"container container--wide\">\r\n        \n\n<div class=\"wp-block-columns are-vertically-aligned-top is-layout-flex wp-container-core-columns-is-layout-9d6595d7 wp-block-columns-is-layout-flex\">\n<div class=\"wp-block-column is-vertically-aligned-top is-layout-flow wp-block-column-is-layout-flow\" style=\"flex-basis:33.33%\">\n<div id=\"ls-heading ls-titre-div-block_f35f39e0f1800ef51cae8d52e33af1f4\" class=\"ls-titre-div h1-like\" >\n    <strong>Momente<\/strong><br> <em>von<\/em> <span>Qualit\u00e4t<\/span><\/div>\n\n\n\n<div class=\"wp-block-columns has-color-3-background-color has-background is-layout-flex wp-container-core-columns-is-layout-9d6595d7 wp-block-columns-is-layout-flex\">\n<div class=\"wp-block-column is-layout-flow wp-block-column-is-layout-flow\">\n<h2 class=\"ls__heading wp-block-heading has-text-align-left\">Ein <strong>famili\u00e4rer und geselliger<\/strong> Rahmen<\/h2>\n\n\n\n<p class=\"ls-paragraph\">Wir wissen, wie wichtig ein famili\u00e4res und freundliches Umfeld f\u00fcr einen gelungenen Urlaub ist. Deshalb setzt der Campingplatz Ametza alles daran, einen komfortablen und angenehmen Aufenthalt f\u00fcr Familien oder einfach <strong>ein <a href=\"https:\/\/www.camping-ametza.com\/de\/wochenende-baskenland\/in-familie\/\">Familienwochenende<\/a><\/strong> zu gew\u00e4hrleisten.<\/p>\n\n\n\n<p class=\"ls-paragraph\">Genie\u00dfen Sie hochwertige Momente mit Ihren Lieben in einer wundersch\u00f6nen und entspannten Umgebung.<\/p>\n<\/div>\n<\/div>\n<\/div>\n\n\n\n<div class=\"wp-block-column is-vertically-aligned-top column-parallax is-layout-flow wp-block-column-is-layout-flow\" style=\"flex-basis:66.66%\">\n<figure class=\"wp-block-gallery has-nested-images columns-default is-cropped wp-block-gallery-2 is-layout-flex wp-block-gallery-is-layout-flex\">\n<figure class=\"wp-block-image size-full\"><a href=\"https:\/\/www.camping-ametza.com\/wp-content\/uploads\/2023\/12\/vacances-famille-pays-basque-camping-location-velo.webp\"><img decoding=\"async\" width=\"2049\" height=\"1536\" data-id=\"15894\" src=\"https:\/\/www.camping-ametza.com\/wp-content\/uploads\/2023\/12\/vacances-famille-pays-basque-camping-location-velo.webp\" alt=\"Familienurlaub Baskenland Camping Fahrradverleih\" class=\"wp-image-15894\" srcset=\"https:\/\/www.camping-ametza.com\/wp-content\/uploads\/2023\/12\/vacances-famille-pays-basque-camping-location-velo.webp 2049w, https:\/\/www.camping-ametza.com\/wp-content\/uploads\/2023\/12\/vacances-famille-pays-basque-camping-location-velo-300x225.webp 300w, https:\/\/www.camping-ametza.com\/wp-content\/uploads\/2023\/12\/vacances-famille-pays-basque-camping-location-velo-1024x768.webp 1024w, https:\/\/www.camping-ametza.com\/wp-content\/uploads\/2023\/12\/vacances-famille-pays-basque-camping-location-velo-768x576.webp 768w, https:\/\/www.camping-ametza.com\/wp-content\/uploads\/2023\/12\/vacances-famille-pays-basque-camping-location-velo-1536x1151.webp 1536w\" sizes=\"(max-width: 2049px) 100vw, 2049px\" \/><\/a><\/figure>\n\n\n\n<figure class=\"wp-block-image size-full\"><a href=\"https:\/\/www.camping-ametza.com\/wp-content\/uploads\/2023\/12\/burger-chips-restaurant-camping-ametza-hendaye-scaled.webp\"><img decoding=\"async\" width=\"2560\" height=\"1707\" data-id=\"17677\" src=\"https:\/\/www.camping-ametza.com\/wp-content\/uploads\/2023\/12\/burger-chips-restaurant-camping-ametza-hendaye-scaled.webp\" alt=\"burger chips restaurant camping ametza hendaye\" class=\"wp-image-17677\" srcset=\"https:\/\/www.camping-ametza.com\/wp-content\/uploads\/2023\/12\/burger-chips-restaurant-camping-ametza-hendaye-scaled.webp 2560w, https:\/\/www.camping-ametza.com\/wp-content\/uploads\/2023\/12\/burger-chips-restaurant-camping-ametza-hendaye-300x200.webp 300w, https:\/\/www.camping-ametza.com\/wp-content\/uploads\/2023\/12\/burger-chips-restaurant-camping-ametza-hendaye-1024x683.webp 1024w, https:\/\/www.camping-ametza.com\/wp-content\/uploads\/2023\/12\/burger-chips-restaurant-camping-ametza-hendaye-768x512.webp 768w, https:\/\/www.camping-ametza.com\/wp-content\/uploads\/2023\/12\/burger-chips-restaurant-camping-ametza-hendaye-1536x1024.webp 1536w, https:\/\/www.camping-ametza.com\/wp-content\/uploads\/2023\/12\/burger-chips-restaurant-camping-ametza-hendaye-2048x1365.webp 2048w\" sizes=\"(max-width: 2560px) 100vw, 2560px\" \/><\/a><\/figure>\n<\/figure>\n<\/div>\n<\/div>\n\n\r\n    <\/div>\r\n<\/section><section id=\"ls-section-block_33b8ed206ff2567a2c863d6842e9fa09\" class=\"ls-section  page-four\" >\r\n        <div class=\"container container--wide\">\r\n        \n\n<div id=\"ls-heading ls-titre-div-block_8d4bcf2cd75aa27267fa9c40df41b70b\" class=\"ls-titre-div aligncenter h1-like\" >\n    <strong>Treten Sie  bei<\/strong> <span>der Gemeinschaft<\/span> <em>Ametza!<\/em><\/div>\n\n\n        <div\n            class=\"spotlight-instagram-feed\"\n            data-feed-var=\"5483c2ed\"\n            data-analytics=\"0\"\n            data-instance=\"22811\"\n        >\n        <\/div>\n        <input type=\"hidden\" id=\"sli__f__5483c2ed\" data-json='{&quot;useCase&quot;:&quot;accounts&quot;,&quot;template&quot;:&quot;row&quot;,&quot;layout&quot;:&quot;grid&quot;,&quot;numColumns&quot;:{&quot;desktop&quot;:5,&quot;phone&quot;:3,&quot;tablet&quot;:5},&quot;highlightFreq&quot;:{&quot;desktop&quot;:7},&quot;sliderNumScrollPosts&quot;:{&quot;desktop&quot;:1},&quot;sliderInfinite&quot;:true,&quot;sliderLoop&quot;:false,&quot;sliderArrowPos&quot;:{&quot;desktop&quot;:&quot;inside&quot;},&quot;sliderArrowSize&quot;:{&quot;desktop&quot;:20},&quot;sliderArrowColor&quot;:{&quot;r&quot;:255,&quot;b&quot;:255,&quot;g&quot;:255,&quot;a&quot;:1},&quot;sliderArrowBgColor&quot;:{&quot;r&quot;:0,&quot;b&quot;:0,&quot;g&quot;:0,&quot;a&quot;:0.8},&quot;sliderAutoScroll&quot;:false,&quot;sliderAutoInterval&quot;:3,&quot;postOrder&quot;:&quot;date_desc&quot;,&quot;numPosts&quot;:{&quot;desktop&quot;:10,&quot;phone&quot;:3,&quot;tablet&quot;:5},&quot;linkBehavior&quot;:{&quot;desktop&quot;:&quot;lightbox&quot;},&quot;feedWidth&quot;:{&quot;desktop&quot;:0},&quot;feedHeight&quot;:{&quot;desktop&quot;:0},&quot;feedPadding&quot;:{&quot;desktop&quot;:0,&quot;tablet&quot;:0,&quot;phone&quot;:0},&quot;imgPadding&quot;:{&quot;desktop&quot;:2,&quot;tablet&quot;:0,&quot;phone&quot;:0},&quot;textSize&quot;:{&quot;desktop&quot;:0,&quot;tablet&quot;:0,&quot;phone&quot;:0},&quot;bgColor&quot;:{&quot;r&quot;:255,&quot;g&quot;:255,&quot;b&quot;:255,&quot;a&quot;:1},&quot;hoverInfo&quot;:[&quot;likes_comments&quot;,&quot;insta_link&quot;,&quot;date&quot;],&quot;textColorHover&quot;:{&quot;r&quot;:255,&quot;g&quot;:255,&quot;b&quot;:255,&quot;a&quot;:1},&quot;bgColorHover&quot;:{&quot;r&quot;:0,&quot;g&quot;:0,&quot;b&quot;:0,&quot;a&quot;:0.5},&quot;showHeader&quot;:{&quot;desktop&quot;:false},&quot;headerInfo&quot;:{&quot;desktop&quot;:[&quot;profile_pic&quot;,&quot;bio&quot;]},&quot;headerAccount&quot;:null,&quot;headerStyle&quot;:{&quot;desktop&quot;:&quot;normal&quot;,&quot;phone&quot;:&quot;centered&quot;},&quot;headerTextSize&quot;:{&quot;desktop&quot;:0},&quot;headerPhotoSize&quot;:{&quot;desktop&quot;:50},&quot;headerTextColor&quot;:{&quot;r&quot;:0,&quot;g&quot;:0,&quot;b&quot;:0,&quot;a&quot;:1},&quot;headerBgColor&quot;:{&quot;r&quot;:255,&quot;g&quot;:255,&quot;b&quot;:255,&quot;a&quot;:1},&quot;headerPadding&quot;:{&quot;desktop&quot;:0},&quot;customProfilePic&quot;:&quot;&quot;,&quot;customBioText&quot;:&quot;&quot;,&quot;includeStories&quot;:false,&quot;storiesInterval&quot;:5,&quot;showCaptions&quot;:{&quot;desktop&quot;:false,&quot;tablet&quot;:false},&quot;captionMaxLength&quot;:{&quot;desktop&quot;:0},&quot;captionRemoveDots&quot;:false,&quot;captionSize&quot;:{&quot;desktop&quot;:0},&quot;captionColor&quot;:{&quot;r&quot;:0,&quot;g&quot;:0,&quot;b&quot;:0,&quot;a&quot;:1},&quot;showLikes&quot;:{&quot;desktop&quot;:false,&quot;tablet&quot;:false},&quot;showComments&quot;:{&quot;desktop&quot;:false,&quot;tablet&quot;:false},&quot;lcIconSize&quot;:{&quot;desktop&quot;:14},&quot;likesIconColor&quot;:{&quot;r&quot;:0,&quot;g&quot;:0,&quot;b&quot;:0,&quot;a&quot;:1},&quot;commentsIconColor&quot;:{&quot;r&quot;:0,&quot;g&quot;:0,&quot;b&quot;:0,&quot;a&quot;:1},&quot;lightboxShowSidebar&quot;:false,&quot;lightboxCtaStyle&quot;:&quot;link&quot;,&quot;lightboxCtaDesign&quot;:{&quot;text&quot;:{&quot;color&quot;:{&quot;r&quot;:0,&quot;g&quot;:0,&quot;b&quot;:0,&quot;a&quot;:1},&quot;align&quot;:&quot;center&quot;},&quot;bgColor&quot;:{&quot;r&quot;:230,&quot;g&quot;:230,&quot;b&quot;:230,&quot;a&quot;:1},&quot;border&quot;:{&quot;radius&quot;:3}},&quot;numLightboxComments&quot;:50,&quot;showLoadMoreBtn&quot;:{&quot;desktop&quot;:false},&quot;loadMoreBtnDesign&quot;:{&quot;text&quot;:{&quot;color&quot;:{&quot;r&quot;:255,&quot;g&quot;:255,&quot;b&quot;:255,&quot;a&quot;:1},&quot;align&quot;:&quot;center&quot;},&quot;border&quot;:{&quot;radius&quot;:3},&quot;bgColor&quot;:{&quot;r&quot;:0,&quot;g&quot;:149,&quot;b&quot;:246,&quot;a&quot;:1},&quot;margin&quot;:{&quot;top&quot;:0,&quot;bottom&quot;:0,&quot;left&quot;:0,&quot;right&quot;:0}},&quot;loadMoreBtnText&quot;:&quot;Load more&quot;,&quot;loadMoreBtnScroll&quot;:true,&quot;autoload&quot;:false,&quot;showFollowBtn&quot;:{&quot;desktop&quot;:false,&quot;phone&quot;:false},&quot;followBtnText&quot;:&quot;Follow on Instagram&quot;,&quot;followBtnDesign&quot;:{&quot;text&quot;:{&quot;color&quot;:{&quot;r&quot;:255,&quot;g&quot;:255,&quot;b&quot;:255,&quot;a&quot;:1},&quot;align&quot;:&quot;center&quot;},&quot;border&quot;:{&quot;radius&quot;:3},&quot;bgColor&quot;:{&quot;r&quot;:0,&quot;g&quot;:149,&quot;b&quot;:246,&quot;a&quot;:1},&quot;margin&quot;:{&quot;top&quot;:0,&quot;bottom&quot;:0,&quot;left&quot;:0,&quot;right&quot;:0}},&quot;followBtnLocation&quot;:{&quot;desktop&quot;:&quot;header&quot;,&quot;phone&quot;:&quot;bottom&quot;},&quot;alignFooterButtons&quot;:{&quot;desktop&quot;:false},&quot;customCss&quot;:&quot;\\\/* Enter your custom CSS below *\\\/\\n\\n&quot;,&quot;accounts&quot;:[14708],&quot;tagged&quot;:[],&quot;hashtags&quot;:[],&quot;mediaType&quot;:&quot;all&quot;,&quot;hashtagWhitelist&quot;:[],&quot;hashtagBlacklist&quot;:[],&quot;captionWhitelist&quot;:[],&quot;captionBlacklist&quot;:[],&quot;hashtagWhitelistSettings&quot;:true,&quot;hashtagBlacklistSettings&quot;:true,&quot;captionWhitelistSettings&quot;:true,&quot;captionBlacklistSettings&quot;:true,&quot;moderation&quot;:[],&quot;moderationMode&quot;:&quot;blacklist&quot;,&quot;promosVersion&quot;:2,&quot;promosEnabled&quot;:true,&quot;globalPromosEnabled&quot;:true,&quot;autoPromosEnabled&quot;:true,&quot;promoOverrides&quot;:[],&quot;feedPromo&quot;:{&quot;linkSource&quot;:{&quot;type&quot;:null},&quot;linkBehavior&quot;:{&quot;openNewTab&quot;:false,&quot;showPopupBox&quot;:false},&quot;linkText&quot;:&quot;&quot;},&quot;gaCampaignSource&quot;:&quot;&quot;,&quot;gaCampaignMedium&quot;:&quot;&quot;,&quot;gaCampaignName&quot;:&quot;&quot;}' \/>\n        <input type=\"hidden\" id=\"sli__a__5483c2ed\" data-json='[{&quot;id&quot;:14708,&quot;type&quot;:&quot;PERSONAL&quot;,&quot;userId&quot;:&quot;7007990202591850&quot;,&quot;username&quot;:&quot;camping_ametza&quot;,&quot;bio&quot;:&quot;&quot;,&quot;customBio&quot;:&quot;&quot;,&quot;profilePicUrl&quot;:&quot;&quot;,&quot;customProfilePicUrl&quot;:&quot;&quot;,&quot;mediaCount&quot;:&quot;309&quot;,&quot;followersCount&quot;:&quot;0&quot;,&quot;usages&quot;:[],&quot;creationDate&quot;:&quot;2023-12-07 13:33:46&quot;}]' \/>\n        <input type=\"hidden\" id=\"sli__m__5483c2ed\" data-json='[]' \/>\n        \n\n\r\n    <\/div>\r\n<\/section>","protected":false},"excerpt":{"rendered":"","protected":false},"author":1,"featured_media":20734,"parent":0,"menu_order":0,"comment_status":"closed","ping_status":"closed","template":"","meta":{"_acf_changed":false,"footnotes":""},"sujet":[],"class_list":["post-22811","page","type-page","status-publish","has-post-thumbnail","hentry"],"acf":[],"yoast_head":"<!-- This site is optimized with the Yoast SEO plugin v25.3 - https:\/\/yoast.com\/wordpress\/plugins\/seo\/ -->\n<title>Mit Ametza dem Alltag entfliehen: Ihr Familienurlaub im Baskenland<\/title>\n<meta name=\"robots\" content=\"index, follow, max-snippet:-1, max-image-preview:large, max-video-preview:-1\" \/>\n<link rel=\"canonical\" href=\"https:\/\/www.camping-ametza.com\/de\/entfliehen\/\" \/>\n<meta property=\"og:locale\" content=\"de_DE\" \/>\n<meta property=\"og:type\" content=\"article\" \/>\n<meta property=\"og:title\" content=\"Mit Ametza dem Alltag entfliehen: Ihr Familienurlaub im Baskenland\" \/>\n<meta property=\"og:url\" content=\"https:\/\/www.camping-ametza.com\/de\/entfliehen\/\" \/>\n<meta property=\"og:site_name\" content=\"Camping Ametza\" \/>\n<meta property=\"article:publisher\" content=\"https:\/\/www.facebook.com\/camping.ametza\" \/>\n<meta property=\"article:modified_time\" content=\"2024-01-09T12:55:26+00:00\" \/>\n<meta property=\"og:image\" content=\"https:\/\/www.camping-ametza.com\/wp-content\/uploads\/2023\/12\/HEADER-EVADER-RESPONSIVE-REMPLACE-VIDEO_resultat.webp\" \/>\n\t<meta property=\"og:image:width\" content=\"1313\" \/>\n\t<meta property=\"og:image:height\" content=\"876\" \/>\n\t<meta property=\"og:image:type\" content=\"image\/webp\" \/>\n<meta name=\"twitter:card\" content=\"summary_large_image\" \/>\n<meta name=\"twitter:label1\" content=\"Gesch\u00e4tzte Lesezeit\" \/>\n\t<meta name=\"twitter:data1\" content=\"1\u00a0Minute\" \/>\n<script type=\"application\/ld+json\" class=\"yoast-schema-graph\">{\"@context\":\"https:\/\/schema.org\",\"@graph\":[{\"@type\":\"WebPage\",\"@id\":\"https:\/\/www.camping-ametza.com\/de\/entfliehen\/\",\"url\":\"https:\/\/www.camping-ametza.com\/de\/entfliehen\/\",\"name\":\"Mit Ametza dem Alltag entfliehen: Ihr Familienurlaub im Baskenland\",\"isPartOf\":{\"@id\":\"https:\/\/www.camping-ametza.com\/de\/#website\"},\"primaryImageOfPage\":{\"@id\":\"https:\/\/www.camping-ametza.com\/de\/entfliehen\/#primaryimage\"},\"image\":{\"@id\":\"https:\/\/www.camping-ametza.com\/de\/entfliehen\/#primaryimage\"},\"thumbnailUrl\":\"https:\/\/www.camping-ametza.com\/wp-content\/uploads\/2023\/12\/HEADER-EVADER-RESPONSIVE-REMPLACE-VIDEO_resultat.webp\",\"datePublished\":\"2023-12-28T13:46:50+00:00\",\"dateModified\":\"2024-01-09T12:55:26+00:00\",\"breadcrumb\":{\"@id\":\"https:\/\/www.camping-ametza.com\/de\/entfliehen\/#breadcrumb\"},\"inLanguage\":\"de\",\"potentialAction\":[{\"@type\":\"ReadAction\",\"target\":[\"https:\/\/www.camping-ametza.com\/de\/entfliehen\/\"]}]},{\"@type\":\"ImageObject\",\"inLanguage\":\"de\",\"@id\":\"https:\/\/www.camping-ametza.com\/de\/entfliehen\/#primaryimage\",\"url\":\"https:\/\/www.camping-ametza.com\/wp-content\/uploads\/2023\/12\/HEADER-EVADER-RESPONSIVE-REMPLACE-VIDEO_resultat.webp\",\"contentUrl\":\"https:\/\/www.camping-ametza.com\/wp-content\/uploads\/2023\/12\/HEADER-EVADER-RESPONSIVE-REMPLACE-VIDEO_resultat.webp\",\"width\":1313,\"height\":876,\"caption\":\"Campingplatz Hendaye Familie\"},{\"@type\":\"BreadcrumbList\",\"@id\":\"https:\/\/www.camping-ametza.com\/de\/entfliehen\/#breadcrumb\",\"itemListElement\":[{\"@type\":\"ListItem\",\"position\":1,\"name\":\"Camping Hendaye, au Pays basque\",\"item\":\"https:\/\/www.camping-ametza.com\/de\/\"},{\"@type\":\"ListItem\",\"position\":2,\"name\":\"Entfliehen\"}]},{\"@type\":\"WebSite\",\"@id\":\"https:\/\/www.camping-ametza.com\/de\/#website\",\"url\":\"https:\/\/www.camping-ametza.com\/de\/\",\"name\":\"Camping Ametza\",\"description\":\"Ametza, ensemble autrement\",\"publisher\":{\"@id\":\"https:\/\/www.camping-ametza.com\/de\/#organization\"},\"alternateName\":\"Ametza\",\"potentialAction\":[{\"@type\":\"SearchAction\",\"target\":{\"@type\":\"EntryPoint\",\"urlTemplate\":\"https:\/\/www.camping-ametza.com\/de\/?s={search_term_string}\"},\"query-input\":{\"@type\":\"PropertyValueSpecification\",\"valueRequired\":true,\"valueName\":\"search_term_string\"}}],\"inLanguage\":\"de\"},{\"@type\":\"Organization\",\"@id\":\"https:\/\/www.camping-ametza.com\/de\/#organization\",\"name\":\"Camping Ametza\",\"alternateName\":\"Ametza\",\"url\":\"https:\/\/www.camping-ametza.com\/de\/\",\"logo\":{\"@type\":\"ImageObject\",\"inLanguage\":\"de\",\"@id\":\"https:\/\/www.camping-ametza.com\/de\/#\/schema\/logo\/image\/\",\"url\":\"https:\/\/www.camping-ametza.com\/wp-content\/uploads\/2023\/11\/logo-camping-ametza-1.webp\",\"contentUrl\":\"https:\/\/www.camping-ametza.com\/wp-content\/uploads\/2023\/11\/logo-camping-ametza-1.webp\",\"width\":296,\"height\":296,\"caption\":\"Camping Ametza\"},\"image\":{\"@id\":\"https:\/\/www.camping-ametza.com\/de\/#\/schema\/logo\/image\/\"},\"sameAs\":[\"https:\/\/www.facebook.com\/camping.ametza\"]}]}<\/script>\n<!-- \/ Yoast SEO plugin. -->","yoast_head_json":{"title":"Mit Ametza dem Alltag entfliehen: Ihr Familienurlaub im Baskenland","robots":{"index":"index","follow":"follow","max-snippet":"max-snippet:-1","max-image-preview":"max-image-preview:large","max-video-preview":"max-video-preview:-1"},"canonical":"https:\/\/www.camping-ametza.com\/de\/entfliehen\/","og_locale":"de_DE","og_type":"article","og_title":"Mit Ametza dem Alltag entfliehen: Ihr Familienurlaub im Baskenland","og_url":"https:\/\/www.camping-ametza.com\/de\/entfliehen\/","og_site_name":"Camping Ametza","article_publisher":"https:\/\/www.facebook.com\/camping.ametza","article_modified_time":"2024-01-09T12:55:26+00:00","og_image":[{"width":1313,"height":876,"url":"https:\/\/www.camping-ametza.com\/wp-content\/uploads\/2023\/12\/HEADER-EVADER-RESPONSIVE-REMPLACE-VIDEO_resultat.webp","type":"image\/webp"}],"twitter_card":"summary_large_image","twitter_misc":{"Gesch\u00e4tzte Lesezeit":"1\u00a0Minute"},"schema":{"@context":"https:\/\/schema.org","@graph":[{"@type":"WebPage","@id":"https:\/\/www.camping-ametza.com\/de\/entfliehen\/","url":"https:\/\/www.camping-ametza.com\/de\/entfliehen\/","name":"Mit Ametza dem Alltag entfliehen: Ihr Familienurlaub im Baskenland","isPartOf":{"@id":"https:\/\/www.camping-ametza.com\/de\/#website"},"primaryImageOfPage":{"@id":"https:\/\/www.camping-ametza.com\/de\/entfliehen\/#primaryimage"},"image":{"@id":"https:\/\/www.camping-ametza.com\/de\/entfliehen\/#primaryimage"},"thumbnailUrl":"https:\/\/www.camping-ametza.com\/wp-content\/uploads\/2023\/12\/HEADER-EVADER-RESPONSIVE-REMPLACE-VIDEO_resultat.webp","datePublished":"2023-12-28T13:46:50+00:00","dateModified":"2024-01-09T12:55:26+00:00","breadcrumb":{"@id":"https:\/\/www.camping-ametza.com\/de\/entfliehen\/#breadcrumb"},"inLanguage":"de","potentialAction":[{"@type":"ReadAction","target":["https:\/\/www.camping-ametza.com\/de\/entfliehen\/"]}]},{"@type":"ImageObject","inLanguage":"de","@id":"https:\/\/www.camping-ametza.com\/de\/entfliehen\/#primaryimage","url":"https:\/\/www.camping-ametza.com\/wp-content\/uploads\/2023\/12\/HEADER-EVADER-RESPONSIVE-REMPLACE-VIDEO_resultat.webp","contentUrl":"https:\/\/www.camping-ametza.com\/wp-content\/uploads\/2023\/12\/HEADER-EVADER-RESPONSIVE-REMPLACE-VIDEO_resultat.webp","width":1313,"height":876,"caption":"Campingplatz Hendaye Familie"},{"@type":"BreadcrumbList","@id":"https:\/\/www.camping-ametza.com\/de\/entfliehen\/#breadcrumb","itemListElement":[{"@type":"ListItem","position":1,"name":"Camping Hendaye, au Pays basque","item":"https:\/\/www.camping-ametza.com\/de\/"},{"@type":"ListItem","position":2,"name":"Entfliehen"}]},{"@type":"WebSite","@id":"https:\/\/www.camping-ametza.com\/de\/#website","url":"https:\/\/www.camping-ametza.com\/de\/","name":"Camping Ametza","description":"Ametza, ensemble autrement","publisher":{"@id":"https:\/\/www.camping-ametza.com\/de\/#organization"},"alternateName":"Ametza","potentialAction":[{"@type":"SearchAction","target":{"@type":"EntryPoint","urlTemplate":"https:\/\/www.camping-ametza.com\/de\/?s={search_term_string}"},"query-input":{"@type":"PropertyValueSpecification","valueRequired":true,"valueName":"search_term_string"}}],"inLanguage":"de"},{"@type":"Organization","@id":"https:\/\/www.camping-ametza.com\/de\/#organization","name":"Camping Ametza","alternateName":"Ametza","url":"https:\/\/www.camping-ametza.com\/de\/","logo":{"@type":"ImageObject","inLanguage":"de","@id":"https:\/\/www.camping-ametza.com\/de\/#\/schema\/logo\/image\/","url":"https:\/\/www.camping-ametza.com\/wp-content\/uploads\/2023\/11\/logo-camping-ametza-1.webp","contentUrl":"https:\/\/www.camping-ametza.com\/wp-content\/uploads\/2023\/11\/logo-camping-ametza-1.webp","width":296,"height":296,"caption":"Camping Ametza"},"image":{"@id":"https:\/\/www.camping-ametza.com\/de\/#\/schema\/logo\/image\/"},"sameAs":["https:\/\/www.facebook.com\/camping.ametza"]}]}},"_links":{"self":[{"href":"https:\/\/www.camping-ametza.com\/de\/wp-json\/wp\/v2\/pages\/22811","targetHints":{"allow":["GET"]}}],"collection":[{"href":"https:\/\/www.camping-ametza.com\/de\/wp-json\/wp\/v2\/pages"}],"about":[{"href":"https:\/\/www.camping-ametza.com\/de\/wp-json\/wp\/v2\/types\/page"}],"author":[{"embeddable":true,"href":"https:\/\/www.camping-ametza.com\/de\/wp-json\/wp\/v2\/users\/1"}],"replies":[{"embeddable":true,"href":"https:\/\/www.camping-ametza.com\/de\/wp-json\/wp\/v2\/comments?post=22811"}],"version-history":[{"count":19,"href":"https:\/\/www.camping-ametza.com\/de\/wp-json\/wp\/v2\/pages\/22811\/revisions"}],"predecessor-version":[{"id":25336,"href":"https:\/\/www.camping-ametza.com\/de\/wp-json\/wp\/v2\/pages\/22811\/revisions\/25336"}],"wp:featuredmedia":[{"embeddable":true,"href":"https:\/\/www.camping-ametza.com\/de\/wp-json\/wp\/v2\/media\/20734"}],"wp:attachment":[{"href":"https:\/\/www.camping-ametza.com\/de\/wp-json\/wp\/v2\/media?parent=22811"}],"wp:term":[{"taxonomy":"sujet","embeddable":true,"href":"https:\/\/www.camping-ametza.com\/de\/wp-json\/wp\/v2\/sujet?post=22811"}],"curies":[{"name":"wp","href":"https:\/\/api.w.org\/{rel}","templated":true}]}}