{"id":22875,"date":"2023-12-28T14:46:55","date_gmt":"2023-12-28T13:46:55","guid":{"rendered":"https:\/\/www.camping-ametza.com\/emerveiller\/"},"modified":"2024-01-09T13:52:48","modified_gmt":"2024-01-09T12:52:48","slug":"sich-wundern","status":"publish","type":"page","link":"https:\/\/www.camping-ametza.com\/de\/sich-wundern\/","title":{"rendered":"Sich wundern"},"content":{"rendered":"<section id=\"ls-section-block_1550071fd7ec1aa02b65493443ed7d7e\" class=\"ls-section  page-one p-b-20\" >\r\n        <div class=\"container container--wide\">\r\n        \n\n<div class=\"wp-block-columns are-vertically-aligned-center is-layout-flex wp-container-core-columns-is-layout-9d6595d7 wp-block-columns-is-layout-flex\">\n<div class=\"wp-block-column is-vertically-aligned-center column-parallax is-layout-flow wp-block-column-is-layout-flow\" style=\"flex-basis:60%\">\n<figure class=\"wp-block-gallery has-nested-images columns-default is-cropped wp-block-gallery-1 is-layout-flex wp-block-gallery-is-layout-flex\">\n<figure class=\"wp-block-image size-full\"><a href=\"https:\/\/www.camping-ametza.com\/wp-content\/uploads\/2023\/11\/emerveiller-mobil-homes-camping-pays-basque-2-scaled.webp\"><img decoding=\"async\" width=\"2560\" height=\"1707\" data-id=\"17744\" src=\"https:\/\/www.camping-ametza.com\/wp-content\/uploads\/2023\/11\/emerveiller-mobil-homes-camping-pays-basque-2-scaled.webp\" alt=\"emerveiller mobil homes camping pays basque 2\" class=\"wp-image-17744\" srcset=\"https:\/\/www.camping-ametza.com\/wp-content\/uploads\/2023\/11\/emerveiller-mobil-homes-camping-pays-basque-2-scaled.webp 2560w, https:\/\/www.camping-ametza.com\/wp-content\/uploads\/2023\/11\/emerveiller-mobil-homes-camping-pays-basque-2-300x200.webp 300w, https:\/\/www.camping-ametza.com\/wp-content\/uploads\/2023\/11\/emerveiller-mobil-homes-camping-pays-basque-2-1024x683.webp 1024w, https:\/\/www.camping-ametza.com\/wp-content\/uploads\/2023\/11\/emerveiller-mobil-homes-camping-pays-basque-2-768x512.webp 768w, https:\/\/www.camping-ametza.com\/wp-content\/uploads\/2023\/11\/emerveiller-mobil-homes-camping-pays-basque-2-1536x1024.webp 1536w, https:\/\/www.camping-ametza.com\/wp-content\/uploads\/2023\/11\/emerveiller-mobil-homes-camping-pays-basque-2-2048x1365.webp 2048w\" sizes=\"(max-width: 2560px) 100vw, 2560px\" \/><\/a><\/figure>\n\n\n\n<figure class=\"wp-block-image size-full\"><a href=\"https:\/\/www.camping-ametza.com\/wp-content\/uploads\/2023\/11\/emerveiller-mobil-homes-camping-pays-basque.webp\"><img decoding=\"async\" width=\"1500\" height=\"1000\" data-id=\"17749\" src=\"https:\/\/www.camping-ametza.com\/wp-content\/uploads\/2023\/11\/emerveiller-mobil-homes-camping-pays-basque.webp\" alt=\"emerveiller mobil homes camping pays basque\" class=\"wp-image-17749\" srcset=\"https:\/\/www.camping-ametza.com\/wp-content\/uploads\/2023\/11\/emerveiller-mobil-homes-camping-pays-basque.webp 1500w, https:\/\/www.camping-ametza.com\/wp-content\/uploads\/2023\/11\/emerveiller-mobil-homes-camping-pays-basque-300x200.webp 300w, https:\/\/www.camping-ametza.com\/wp-content\/uploads\/2023\/11\/emerveiller-mobil-homes-camping-pays-basque-1024x683.webp 1024w, https:\/\/www.camping-ametza.com\/wp-content\/uploads\/2023\/11\/emerveiller-mobil-homes-camping-pays-basque-768x512.webp 768w\" sizes=\"(max-width: 1500px) 100vw, 1500px\" \/><\/a><\/figure>\n<\/figure>\n<\/div>\n\n\n\n<div class=\"wp-block-column is-vertically-aligned-center has-color-3-background-color has-background is-layout-flow wp-block-column-is-layout-flow\" style=\"flex-basis:40%\">\n<h2 class=\"ls__heading wp-block-heading\"><strong>Mobilheime mit komplettem Service<\/strong> f\u00fcr ein luxuri\u00f6ses Erlebnis<\/h2>\n\n\n\n<p class=\"ls-paragraph\">F\u00fcr <strong>Gro\u00dfeltern<\/strong>, <strong>Gro\u00dffamilien<\/strong> oder <strong>Gruppen von Freunden<\/strong> bietet der <a href=\"\/\">Campingplatz Ametza in Hendaye<\/a> die Unterk\u00fcnfte &#8222;Nature S\u00e9duction&#8220; und &#8222;Nature \u00e9l\u00e9gance&#8220;, die <strong>Hotelkomfort<\/strong> f\u00fcr die Produktreihe &#8222;\u00c9l\u00e9gance&#8220; und eine nat\u00fcrliche Umgebung f\u00fcr ein bereicherndes Urlaubserlebnis vereinen.<\/p>\n\n\n\n<div class=\"ls-lire-plus\">\n    <input id=\"ls-lire-plus-block_2190c155cf129465ffbd61ef5a269e5669f3a71825f6b\" type=\"checkbox\" class=\"ls-lire-plus__toggle\"  \/>\n    <label for=\"ls-lire-plus-block_2190c155cf129465ffbd61ef5a269e5669f3a71825f6b\" class=\"ls-lire-plus__toggle-label\">\n        <span>Lesen Sie mehr<\/span>\n        <span>Weniger lesen<\/span>\n    <\/label>\n    <div class=\"ls-lire-plus__content\">\n        \n\n<p class=\"ls-paragraph\">Mit <strong>kompletter Ausstattung<\/strong>, <strong>bequemen Betten<\/strong> und <strong>elegantem Design<\/strong> sind diese Unterk\u00fcnfte ideal f\u00fcr alle, die in einer <strong>luxuri\u00f6sen<\/strong> Umgebung staunen und gleichzeitig die umliegende <strong>Natur<\/strong> genie\u00dfen m\u00f6chten.<\/p>\n\n\n\n<p class=\"ls-paragraph\">Unsere Mobilheime der Reihe &#8222;Nature s\u00e9duction&#8220; und &#8222;Nature \u00e9l\u00e9gance&#8220; bieten ein Komfort- und Serviceniveau, das mit dem eines Hotels vergleichbar ist.<\/p>\n\n        <div class=\"ls-lire-plus__gradient\" style=\"background: linear-gradient(to bottom,rgba(255,255,255,0) 0%,rgba(255,255,255,1) 100%);\"><\/div>\n    <\/div>\n<\/div><\/div>\n<\/div>\n\n\r\n    <\/div>\r\n<\/section><section id=\"ls-section-block_2f3df912c365ebd1c231f74af5527097\" class=\"ls-section  p-t-0 has-m-l m-l-10 has-m-r m-r-10\" >\r\n        <div class=\"container container--full\">\r\n        \n\n<div id=\"ls-heading ls-titre-div-block_3274aa512c2c4b5dbc8eb96f987e9617\" class=\"ls-titre-div h1-like\" >\n    <strong>Schlafen in v\u00f6lliger<\/strong> <span>Ruhe<\/span> <em>ist m\u00f6glich<\/em><\/div>\n\n\n\n<div id=\"ls-maillage-block_c460896f8269959ff437d5eece9206e1\" class=\"ls-maillage vertical cta-style-normal\" data-rows=\"5\">\n\n    <div class=\"wp-block-columns\"><div class=\"wp-block-column\"><div class=\"ls-cta\">\n\n<a href=\"https:\/\/www.camping-ametza.com\/de\/ferienwohnungen\/gamme-nature-authentique\/\" target=\"\" rel=\"noopener\" class=\"ls-cta__link\">\n\n\t<div class=\"ls-cta__image\"><img decoding=\"async\" src=\"https:\/\/www.camping-ametza.com\/wp-content\/uploads\/2023\/12\/NATURE_AUTHENTIQUE-scaled.webp\" alt=\"AUTHENTISCHE NATUR\"><\/div>\n\n\t<div class=\"ls-cta__content\">\n\t\t<div class=\"ls-cta__title\">\n\t\t\tNature Authentique\t\t<\/div>\n\n\t\t\t\t\t<div class=\"ls-cta__description\">\n\t\t\t\tTraditionelle Stellpl\u00e4tze &#038; Zelte\t\t\t<\/div>\n\t\t\t<\/div>\n\n<\/a><\/div><\/div><div class=\"wp-block-column\"><div class=\"ls-cta\">\n\n<a href=\"https:\/\/www.camping-ametza.com\/de\/ferienwohnungen\/gamme-nature-harmonie\/\" target=\"\" rel=\"noopener\" class=\"ls-cta__link\">\n\n\t<div class=\"ls-cta__image\"><img decoding=\"async\" src=\"https:\/\/www.camping-ametza.com\/wp-content\/uploads\/2023\/12\/location-pays-basque-cocosweet-nature-harmonie-camping-ametza.webp\" alt=\"\"><\/div>\n\n\t<div class=\"ls-cta__content\">\n\t\t<div class=\"ls-cta__title\">\n\t\t\tNature harmonie\t\t<\/div>\n\n\t\t\t\t\t<div class=\"ls-cta__description\">\n\t\t\t\tMobilheime &#038; Coco Sweet\t\t\t<\/div>\n\t\t\t<\/div>\n\n<\/a><\/div><\/div><div class=\"wp-block-column\"><div class=\"ls-cta\">\n\n<a href=\"https:\/\/www.camping-ametza.com\/de\/ferienwohnungen\/gamme-nature-elegance\/\" target=\"\" rel=\"noopener\" class=\"ls-cta__link\">\n\n\t<div class=\"ls-cta__image\"><img decoding=\"async\" src=\"https:\/\/www.camping-ametza.com\/wp-content\/uploads\/2023\/12\/mobil-home-nature-elegance-camping-ametza.webp\" alt=\"mobilheim natur eleganz camping ametza\"><div class=\"ls-cta__options\"><div class=\"ls-cta__options__item\">Pack Confort+<\/div><\/div><\/div>\n\n\t<div class=\"ls-cta__content\">\n\t\t<div class=\"ls-cta__title\">\n\t\t\tNature \u00e9l\u00e9gance\t\t<\/div>\n\n\t\t\t\t\t<div class=\"ls-cta__description\">\n\t\t\t\tMobilheime\t\t\t<\/div>\n\t\t\t<\/div>\n\n<\/a><\/div><\/div><div class=\"wp-block-column\"><div class=\"ls-cta\">\n\n<a href=\"https:\/\/www.camping-ametza.com\/de\/ferienwohnungen\/gamme-nature-seduction\/\" target=\"\" rel=\"noopener\" class=\"ls-cta__link\">\n\n\t<div class=\"ls-cta__image\"><img decoding=\"async\" src=\"https:\/\/www.camping-ametza.com\/wp-content\/uploads\/2023\/12\/location-mobil-homes-pays-basque-gamme-nature-seduction.webp\" alt=\"vermietung mobilheime baskenland bereich natur seduction\"><\/div>\n\n\t<div class=\"ls-cta__content\">\n\t\t<div class=\"ls-cta__title\">\n\t\t\tNature s\u00e9duction\t\t<\/div>\n\n\t\t\t\t\t<div class=\"ls-cta__description\">\n\t\t\t\tMobilheime\t\t\t<\/div>\n\t\t\t<\/div>\n\n<\/a><\/div><\/div><div class=\"wp-block-column\"><div class=\"ls-cta\">\n\n<a href=\"https:\/\/www.camping-ametza.com\/de\/ferienwohnungen\/gamme-nature-charme\/\" target=\"\" rel=\"noopener\" class=\"ls-cta__link\">\n\n\t<div class=\"ls-cta__image\"><img decoding=\"async\" src=\"https:\/\/www.camping-ametza.com\/wp-content\/uploads\/2023\/12\/NATURE-CHARME-scaled.webp\" alt=\"NATUR CHARME\"><\/div>\n\n\t<div class=\"ls-cta__content\">\n\t\t<div class=\"ls-cta__title\">\n\t\t\tNature charme\t\t<\/div>\n\n\t\t\t\t\t<div class=\"ls-cta__description\">\n\t\t\t\tMobilheime &#038; Chalets\t\t\t<\/div>\n\t\t\t<\/div>\n\n<\/a><\/div><\/div><\/div>\n<\/div>\n\r\n    <\/div>\r\n<\/section><section id=\"ls-section-block_bf2b85e2a2d2017762c975ec09d6e5f6\" class=\"ls-section  home-seventh page-three has-background-image\" >\r\n    <div class=\"ls-section__background-image opacity-100\"><img decoding=\"async\" src=\"https:\/\/www.camping-ametza.com\/wp-content\/uploads\/2023\/11\/camping-familial-pays-basque-location-mobil-homes-scaled.webp\" alt=\"familiencamping baskenland vermietung von mobilheimen\"><\/div>    <div class=\"container container--wide\">\r\n        \n\n<div id=\"ls-heading ls-titre-div-block_13243fb96f0e975a95cf053fd8d49b49\" class=\"ls-titre-div column-parallax-slow-reverse h1-like has-text-color has-color-white-color\" >\n    <strong>Ein Aufenthalt<\/strong> <em>entspannt<\/em> <\/div>\n\n\n\n<div class=\"wp-block-columns is-layout-flex wp-container-core-columns-is-layout-9d6595d7 wp-block-columns-is-layout-flex\">\n<div class=\"wp-block-column is-layout-flow wp-block-column-is-layout-flow\">\n<h2 class=\"ls__heading wp-block-heading has-text-align-center\">Entspannung und Entdeckung<br\/><strong>im Herzen des Baskenlandes<\/strong><\/h2>\n\n\n\n<p class=\"ls-paragraph has-text-align-center\">Diese Unterk\u00fcnfte sind ideal f\u00fcr Gro\u00dfeltern, die ihre Enkelkinder begleiten, gro\u00dfe Familien oder Gruppen von Freunden. Genie\u00dfen Sie einen entspannten Aufenthalt mit einfachem Zugang zu den vielen Attraktionen des Baskenlandes, von den Str\u00e4nden \u00fcber die Berge bis hin zum kulturellen Reichtum der Region. Wie w\u00e4re es mit einem <strong>\n  <a href=\"https:\/\/www.camping-ametza.com\/de\/wochenende-baskenland\/thalasso\/\">Thalasso-Wochenende<\/a>\n<\/strong> ?<\/p>\n<\/div>\n<\/div>\n\n\r\n    <\/div>\r\n<\/section><section id=\"ls-section-block_adc7959586fc62e4eec9b6c6d623a8ef\" class=\"ls-section  page-two\" >\r\n        <div class=\"container container--wide\">\r\n        \n\n<div class=\"wp-block-columns are-vertically-aligned-top is-layout-flex wp-container-core-columns-is-layout-9d6595d7 wp-block-columns-is-layout-flex\">\n<div class=\"wp-block-column is-vertically-aligned-top is-layout-flow wp-block-column-is-layout-flow\" style=\"flex-basis:33.33%\">\n<div id=\"ls-heading ls-titre-div-block_bf7e34697a2cd7cccfb8adefc0a022b1\" class=\"ls-titre-div h2-like\" >\n    <br><\/div>\n\n\n\n<div class=\"wp-block-columns has-color-3-background-color has-background is-layout-flex wp-container-core-columns-is-layout-9d6595d7 wp-block-columns-is-layout-flex\">\n<div class=\"wp-block-column is-layout-flow wp-block-column-is-layout-flow\">\n<h2 class=\"ls__heading wp-block-heading has-text-align-left\"><strong>Komfort und Platz<\/strong> f\u00fcr einen unvergesslichen Urlaub<\/h2>\n\n\n\n<p class=\"ls-paragraph\">Die <strong>Mobilheime<\/strong><a href=\"https:\/\/www.camping-ametza.com\/de\/ferienwohnungen\/gamme-nature-seduction\/\">&#8222;Nature s\u00e9duction<\/a>&#8220; und<a href=\"https:\/\/www.camping-ametza.com\/de\/ferienwohnungen\/gamme-nature-elegance\/\">&#8222;Nature \u00e9l\u00e9gance<\/a>&#8220; bieten gen\u00fcgend Platz, um auch gr\u00f6\u00dfere Gruppen komfortabel unterzubringen.<\/p>\n\n\n\n<p class=\"ls-paragraph\">Mit Annehmlichkeiten wie <strong>bereitgestellter Bettw\u00e4sche<\/strong>, <strong>Reinigung<\/strong> und hochwertiger <strong>Ausstattung<\/strong> garantieren diese Unterk\u00fcnfte ein unbeschwertes und unvergessliches Urlaubserlebnis f\u00fcr alle.<\/p>\n<\/div>\n<\/div>\n<\/div>\n\n\n\n<div class=\"wp-block-column is-vertically-aligned-top column-parallax is-layout-flow wp-block-column-is-layout-flow\" style=\"flex-basis:66.66%\">\n<figure class=\"wp-block-gallery has-nested-images columns-default is-cropped wp-block-gallery-2 is-layout-flex wp-block-gallery-is-layout-flex\">\n<figure class=\"wp-block-image size-full\"><a href=\"https:\/\/www.camping-ametza.com\/wp-content\/uploads\/2023\/11\/mobil-homes-pays-basque-location-emerveiller-scaled.webp\"><img decoding=\"async\" width=\"2560\" height=\"1419\" data-id=\"17759\" src=\"https:\/\/www.camping-ametza.com\/wp-content\/uploads\/2023\/11\/mobil-homes-pays-basque-location-emerveiller-scaled.webp\" alt=\"mobilheime baskenland vermietung emerveiller\" class=\"wp-image-17759\" srcset=\"https:\/\/www.camping-ametza.com\/wp-content\/uploads\/2023\/11\/mobil-homes-pays-basque-location-emerveiller-scaled.webp 2560w, https:\/\/www.camping-ametza.com\/wp-content\/uploads\/2023\/11\/mobil-homes-pays-basque-location-emerveiller-300x166.webp 300w, https:\/\/www.camping-ametza.com\/wp-content\/uploads\/2023\/11\/mobil-homes-pays-basque-location-emerveiller-1024x568.webp 1024w, https:\/\/www.camping-ametza.com\/wp-content\/uploads\/2023\/11\/mobil-homes-pays-basque-location-emerveiller-768x426.webp 768w, https:\/\/www.camping-ametza.com\/wp-content\/uploads\/2023\/11\/mobil-homes-pays-basque-location-emerveiller-1536x851.webp 1536w, https:\/\/www.camping-ametza.com\/wp-content\/uploads\/2023\/11\/mobil-homes-pays-basque-location-emerveiller-2048x1135.webp 2048w\" sizes=\"(max-width: 2560px) 100vw, 2560px\" \/><\/a><\/figure>\n\n\n\n<figure class=\"wp-block-image size-full\"><a href=\"https:\/\/www.camping-ametza.com\/wp-content\/uploads\/2023\/11\/camping-pays-basque-cadre-naturel.webp\"><img decoding=\"async\" width=\"1536\" height=\"2048\" data-id=\"17739\" src=\"https:\/\/www.camping-ametza.com\/wp-content\/uploads\/2023\/11\/camping-pays-basque-cadre-naturel.webp\" alt=\"camping baskenland nat&#xFC;rliche rahmenbedingungen\" class=\"wp-image-17739\" srcset=\"https:\/\/www.camping-ametza.com\/wp-content\/uploads\/2023\/11\/camping-pays-basque-cadre-naturel.webp 1536w, https:\/\/www.camping-ametza.com\/wp-content\/uploads\/2023\/11\/camping-pays-basque-cadre-naturel-225x300.webp 225w, https:\/\/www.camping-ametza.com\/wp-content\/uploads\/2023\/11\/camping-pays-basque-cadre-naturel-768x1024.webp 768w, https:\/\/www.camping-ametza.com\/wp-content\/uploads\/2023\/11\/camping-pays-basque-cadre-naturel-1152x1536.webp 1152w\" sizes=\"(max-width: 1536px) 100vw, 1536px\" \/><\/a><\/figure>\n<\/figure>\n<\/div>\n<\/div>\n\n\r\n    <\/div>\r\n<\/section><section id=\"ls-section-block_f061fb906a7bdd2f27f3660e65ad7f45\" class=\"ls-section  page-four\" >\r\n        <div class=\"container container--wide\">\r\n        \n\n<div id=\"ls-heading ls-titre-div-block_071163e218d72e341fc6425923308ef9\" class=\"ls-titre-div aligncenter h1-like\" >\n    <strong>Treten Sie  bei<\/strong> <span>der Gemeinschaft<\/span> <em>Ametza!<\/em><\/div>\n\n\n        <div\n            class=\"spotlight-instagram-feed\"\n            data-feed-var=\"5483c2ed\"\n            data-analytics=\"0\"\n            data-instance=\"22875\"\n        >\n        <\/div>\n        <input type=\"hidden\" id=\"sli__f__5483c2ed\" data-json='{&quot;useCase&quot;:&quot;accounts&quot;,&quot;template&quot;:&quot;row&quot;,&quot;layout&quot;:&quot;grid&quot;,&quot;numColumns&quot;:{&quot;desktop&quot;:5,&quot;phone&quot;:3,&quot;tablet&quot;:5},&quot;highlightFreq&quot;:{&quot;desktop&quot;:7},&quot;sliderNumScrollPosts&quot;:{&quot;desktop&quot;:1},&quot;sliderInfinite&quot;:true,&quot;sliderLoop&quot;:false,&quot;sliderArrowPos&quot;:{&quot;desktop&quot;:&quot;inside&quot;},&quot;sliderArrowSize&quot;:{&quot;desktop&quot;:20},&quot;sliderArrowColor&quot;:{&quot;r&quot;:255,&quot;b&quot;:255,&quot;g&quot;:255,&quot;a&quot;:1},&quot;sliderArrowBgColor&quot;:{&quot;r&quot;:0,&quot;b&quot;:0,&quot;g&quot;:0,&quot;a&quot;:0.8},&quot;sliderAutoScroll&quot;:false,&quot;sliderAutoInterval&quot;:3,&quot;postOrder&quot;:&quot;date_desc&quot;,&quot;numPosts&quot;:{&quot;desktop&quot;:10,&quot;phone&quot;:3,&quot;tablet&quot;:5},&quot;linkBehavior&quot;:{&quot;desktop&quot;:&quot;lightbox&quot;},&quot;feedWidth&quot;:{&quot;desktop&quot;:0},&quot;feedHeight&quot;:{&quot;desktop&quot;:0},&quot;feedPadding&quot;:{&quot;desktop&quot;:0,&quot;tablet&quot;:0,&quot;phone&quot;:0},&quot;imgPadding&quot;:{&quot;desktop&quot;:2,&quot;tablet&quot;:0,&quot;phone&quot;:0},&quot;textSize&quot;:{&quot;desktop&quot;:0,&quot;tablet&quot;:0,&quot;phone&quot;:0},&quot;bgColor&quot;:{&quot;r&quot;:255,&quot;g&quot;:255,&quot;b&quot;:255,&quot;a&quot;:1},&quot;hoverInfo&quot;:[&quot;likes_comments&quot;,&quot;insta_link&quot;,&quot;date&quot;],&quot;textColorHover&quot;:{&quot;r&quot;:255,&quot;g&quot;:255,&quot;b&quot;:255,&quot;a&quot;:1},&quot;bgColorHover&quot;:{&quot;r&quot;:0,&quot;g&quot;:0,&quot;b&quot;:0,&quot;a&quot;:0.5},&quot;showHeader&quot;:{&quot;desktop&quot;:false},&quot;headerInfo&quot;:{&quot;desktop&quot;:[&quot;profile_pic&quot;,&quot;bio&quot;]},&quot;headerAccount&quot;:null,&quot;headerStyle&quot;:{&quot;desktop&quot;:&quot;normal&quot;,&quot;phone&quot;:&quot;centered&quot;},&quot;headerTextSize&quot;:{&quot;desktop&quot;:0},&quot;headerPhotoSize&quot;:{&quot;desktop&quot;:50},&quot;headerTextColor&quot;:{&quot;r&quot;:0,&quot;g&quot;:0,&quot;b&quot;:0,&quot;a&quot;:1},&quot;headerBgColor&quot;:{&quot;r&quot;:255,&quot;g&quot;:255,&quot;b&quot;:255,&quot;a&quot;:1},&quot;headerPadding&quot;:{&quot;desktop&quot;:0},&quot;customProfilePic&quot;:&quot;&quot;,&quot;customBioText&quot;:&quot;&quot;,&quot;includeStories&quot;:false,&quot;storiesInterval&quot;:5,&quot;showCaptions&quot;:{&quot;desktop&quot;:false,&quot;tablet&quot;:false},&quot;captionMaxLength&quot;:{&quot;desktop&quot;:0},&quot;captionRemoveDots&quot;:false,&quot;captionSize&quot;:{&quot;desktop&quot;:0},&quot;captionColor&quot;:{&quot;r&quot;:0,&quot;g&quot;:0,&quot;b&quot;:0,&quot;a&quot;:1},&quot;showLikes&quot;:{&quot;desktop&quot;:false,&quot;tablet&quot;:false},&quot;showComments&quot;:{&quot;desktop&quot;:false,&quot;tablet&quot;:false},&quot;lcIconSize&quot;:{&quot;desktop&quot;:14},&quot;likesIconColor&quot;:{&quot;r&quot;:0,&quot;g&quot;:0,&quot;b&quot;:0,&quot;a&quot;:1},&quot;commentsIconColor&quot;:{&quot;r&quot;:0,&quot;g&quot;:0,&quot;b&quot;:0,&quot;a&quot;:1},&quot;lightboxShowSidebar&quot;:false,&quot;lightboxCtaStyle&quot;:&quot;link&quot;,&quot;lightboxCtaDesign&quot;:{&quot;text&quot;:{&quot;color&quot;:{&quot;r&quot;:0,&quot;g&quot;:0,&quot;b&quot;:0,&quot;a&quot;:1},&quot;align&quot;:&quot;center&quot;},&quot;bgColor&quot;:{&quot;r&quot;:230,&quot;g&quot;:230,&quot;b&quot;:230,&quot;a&quot;:1},&quot;border&quot;:{&quot;radius&quot;:3}},&quot;numLightboxComments&quot;:50,&quot;showLoadMoreBtn&quot;:{&quot;desktop&quot;:false},&quot;loadMoreBtnDesign&quot;:{&quot;text&quot;:{&quot;color&quot;:{&quot;r&quot;:255,&quot;g&quot;:255,&quot;b&quot;:255,&quot;a&quot;:1},&quot;align&quot;:&quot;center&quot;},&quot;border&quot;:{&quot;radius&quot;:3},&quot;bgColor&quot;:{&quot;r&quot;:0,&quot;g&quot;:149,&quot;b&quot;:246,&quot;a&quot;:1},&quot;margin&quot;:{&quot;top&quot;:0,&quot;bottom&quot;:0,&quot;left&quot;:0,&quot;right&quot;:0}},&quot;loadMoreBtnText&quot;:&quot;Load more&quot;,&quot;loadMoreBtnScroll&quot;:true,&quot;autoload&quot;:false,&quot;showFollowBtn&quot;:{&quot;desktop&quot;:false,&quot;phone&quot;:false},&quot;followBtnText&quot;:&quot;Follow on Instagram&quot;,&quot;followBtnDesign&quot;:{&quot;text&quot;:{&quot;color&quot;:{&quot;r&quot;:255,&quot;g&quot;:255,&quot;b&quot;:255,&quot;a&quot;:1},&quot;align&quot;:&quot;center&quot;},&quot;border&quot;:{&quot;radius&quot;:3},&quot;bgColor&quot;:{&quot;r&quot;:0,&quot;g&quot;:149,&quot;b&quot;:246,&quot;a&quot;:1},&quot;margin&quot;:{&quot;top&quot;:0,&quot;bottom&quot;:0,&quot;left&quot;:0,&quot;right&quot;:0}},&quot;followBtnLocation&quot;:{&quot;desktop&quot;:&quot;header&quot;,&quot;phone&quot;:&quot;bottom&quot;},&quot;alignFooterButtons&quot;:{&quot;desktop&quot;:false},&quot;customCss&quot;:&quot;\\\/* Enter your custom CSS below *\\\/\\n\\n&quot;,&quot;accounts&quot;:[14708],&quot;tagged&quot;:[],&quot;hashtags&quot;:[],&quot;mediaType&quot;:&quot;all&quot;,&quot;hashtagWhitelist&quot;:[],&quot;hashtagBlacklist&quot;:[],&quot;captionWhitelist&quot;:[],&quot;captionBlacklist&quot;:[],&quot;hashtagWhitelistSettings&quot;:true,&quot;hashtagBlacklistSettings&quot;:true,&quot;captionWhitelistSettings&quot;:true,&quot;captionBlacklistSettings&quot;:true,&quot;moderation&quot;:[],&quot;moderationMode&quot;:&quot;blacklist&quot;,&quot;promosVersion&quot;:2,&quot;promosEnabled&quot;:true,&quot;globalPromosEnabled&quot;:true,&quot;autoPromosEnabled&quot;:true,&quot;promoOverrides&quot;:[],&quot;feedPromo&quot;:{&quot;linkSource&quot;:{&quot;type&quot;:null},&quot;linkBehavior&quot;:{&quot;openNewTab&quot;:false,&quot;showPopupBox&quot;:false},&quot;linkText&quot;:&quot;&quot;},&quot;gaCampaignSource&quot;:&quot;&quot;,&quot;gaCampaignMedium&quot;:&quot;&quot;,&quot;gaCampaignName&quot;:&quot;&quot;}' \/>\n        <input type=\"hidden\" id=\"sli__a__5483c2ed\" data-json='[{&quot;id&quot;:14708,&quot;type&quot;:&quot;PERSONAL&quot;,&quot;userId&quot;:&quot;7007990202591850&quot;,&quot;username&quot;:&quot;camping_ametza&quot;,&quot;bio&quot;:&quot;&quot;,&quot;customBio&quot;:&quot;&quot;,&quot;profilePicUrl&quot;:&quot;&quot;,&quot;customProfilePicUrl&quot;:&quot;&quot;,&quot;mediaCount&quot;:&quot;309&quot;,&quot;followersCount&quot;:&quot;0&quot;,&quot;usages&quot;:[],&quot;creationDate&quot;:&quot;2023-12-07 13:33:46&quot;}]' \/>\n        <input type=\"hidden\" id=\"sli__m__5483c2ed\" data-json='[]' \/>\n        \n\n\r\n    <\/div>\r\n<\/section>","protected":false},"excerpt":{"rendered":"","protected":false},"author":1,"featured_media":16984,"parent":0,"menu_order":0,"comment_status":"closed","ping_status":"closed","template":"","meta":{"_acf_changed":false,"footnotes":""},"sujet":[],"class_list":["post-22875","page","type-page","status-publish","has-post-thumbnail","hentry"],"acf":[],"yoast_head":"<!-- This site is optimized with the Yoast SEO plugin v25.3 - https:\/\/yoast.com\/wordpress\/plugins\/seo\/ -->\n<title>Staunen mit Ametza: Urlaub mit Freunden oder f\u00fcr Senioren!<\/title>\n<meta name=\"robots\" content=\"index, follow, max-snippet:-1, max-image-preview:large, max-video-preview:-1\" \/>\n<link rel=\"canonical\" href=\"https:\/\/www.camping-ametza.com\/de\/sich-wundern\/\" \/>\n<meta property=\"og:locale\" content=\"de_DE\" \/>\n<meta property=\"og:type\" content=\"article\" \/>\n<meta property=\"og:title\" content=\"Staunen mit Ametza: Urlaub mit Freunden oder f\u00fcr Senioren!\" \/>\n<meta property=\"og:url\" content=\"https:\/\/www.camping-ametza.com\/de\/sich-wundern\/\" \/>\n<meta property=\"og:site_name\" content=\"Camping Ametza\" \/>\n<meta property=\"article:publisher\" content=\"https:\/\/www.facebook.com\/camping.ametza\" \/>\n<meta property=\"article:modified_time\" content=\"2024-01-09T12:52:48+00:00\" \/>\n<meta property=\"og:image\" content=\"https:\/\/www.camping-ametza.com\/wp-content\/uploads\/2023\/12\/header_bord-de-mer-pays-basque.webp\" \/>\n\t<meta property=\"og:image:width\" content=\"2560\" \/>\n\t<meta property=\"og:image:height\" content=\"1707\" \/>\n\t<meta property=\"og:image:type\" content=\"image\/webp\" \/>\n<meta name=\"twitter:card\" content=\"summary_large_image\" \/>\n<meta name=\"twitter:label1\" content=\"Gesch\u00e4tzte Lesezeit\" \/>\n\t<meta name=\"twitter:data1\" content=\"1\u00a0Minute\" \/>\n<script type=\"application\/ld+json\" class=\"yoast-schema-graph\">{\"@context\":\"https:\/\/schema.org\",\"@graph\":[{\"@type\":\"WebPage\",\"@id\":\"https:\/\/www.camping-ametza.com\/de\/sich-wundern\/\",\"url\":\"https:\/\/www.camping-ametza.com\/de\/sich-wundern\/\",\"name\":\"Staunen mit Ametza: Urlaub mit Freunden oder f\u00fcr Senioren!\",\"isPartOf\":{\"@id\":\"https:\/\/www.camping-ametza.com\/de\/#website\"},\"primaryImageOfPage\":{\"@id\":\"https:\/\/www.camping-ametza.com\/de\/sich-wundern\/#primaryimage\"},\"image\":{\"@id\":\"https:\/\/www.camping-ametza.com\/de\/sich-wundern\/#primaryimage\"},\"thumbnailUrl\":\"https:\/\/www.camping-ametza.com\/wp-content\/uploads\/2023\/12\/header_bord-de-mer-pays-basque.webp\",\"datePublished\":\"2023-12-28T13:46:55+00:00\",\"dateModified\":\"2024-01-09T12:52:48+00:00\",\"breadcrumb\":{\"@id\":\"https:\/\/www.camping-ametza.com\/de\/sich-wundern\/#breadcrumb\"},\"inLanguage\":\"de\",\"potentialAction\":[{\"@type\":\"ReadAction\",\"target\":[\"https:\/\/www.camping-ametza.com\/de\/sich-wundern\/\"]}]},{\"@type\":\"ImageObject\",\"inLanguage\":\"de\",\"@id\":\"https:\/\/www.camping-ametza.com\/de\/sich-wundern\/#primaryimage\",\"url\":\"https:\/\/www.camping-ametza.com\/wp-content\/uploads\/2023\/12\/header_bord-de-mer-pays-basque.webp\",\"contentUrl\":\"https:\/\/www.camping-ametza.com\/wp-content\/uploads\/2023\/12\/header_bord-de-mer-pays-basque.webp\",\"width\":2560,\"height\":1707,\"caption\":\"header meeresk\u00fcste baskenland\"},{\"@type\":\"BreadcrumbList\",\"@id\":\"https:\/\/www.camping-ametza.com\/de\/sich-wundern\/#breadcrumb\",\"itemListElement\":[{\"@type\":\"ListItem\",\"position\":1,\"name\":\"Camping Hendaye, au Pays basque\",\"item\":\"https:\/\/www.camping-ametza.com\/de\/\"},{\"@type\":\"ListItem\",\"position\":2,\"name\":\"Sich wundern\"}]},{\"@type\":\"WebSite\",\"@id\":\"https:\/\/www.camping-ametza.com\/de\/#website\",\"url\":\"https:\/\/www.camping-ametza.com\/de\/\",\"name\":\"Camping Ametza\",\"description\":\"Ametza, ensemble autrement\",\"publisher\":{\"@id\":\"https:\/\/www.camping-ametza.com\/de\/#organization\"},\"alternateName\":\"Ametza\",\"potentialAction\":[{\"@type\":\"SearchAction\",\"target\":{\"@type\":\"EntryPoint\",\"urlTemplate\":\"https:\/\/www.camping-ametza.com\/de\/?s={search_term_string}\"},\"query-input\":{\"@type\":\"PropertyValueSpecification\",\"valueRequired\":true,\"valueName\":\"search_term_string\"}}],\"inLanguage\":\"de\"},{\"@type\":\"Organization\",\"@id\":\"https:\/\/www.camping-ametza.com\/de\/#organization\",\"name\":\"Camping Ametza\",\"alternateName\":\"Ametza\",\"url\":\"https:\/\/www.camping-ametza.com\/de\/\",\"logo\":{\"@type\":\"ImageObject\",\"inLanguage\":\"de\",\"@id\":\"https:\/\/www.camping-ametza.com\/de\/#\/schema\/logo\/image\/\",\"url\":\"https:\/\/www.camping-ametza.com\/wp-content\/uploads\/2023\/11\/logo-camping-ametza-1.webp\",\"contentUrl\":\"https:\/\/www.camping-ametza.com\/wp-content\/uploads\/2023\/11\/logo-camping-ametza-1.webp\",\"width\":296,\"height\":296,\"caption\":\"Camping Ametza\"},\"image\":{\"@id\":\"https:\/\/www.camping-ametza.com\/de\/#\/schema\/logo\/image\/\"},\"sameAs\":[\"https:\/\/www.facebook.com\/camping.ametza\"]}]}<\/script>\n<!-- \/ Yoast SEO plugin. -->","yoast_head_json":{"title":"Staunen mit Ametza: Urlaub mit Freunden oder f\u00fcr Senioren!","robots":{"index":"index","follow":"follow","max-snippet":"max-snippet:-1","max-image-preview":"max-image-preview:large","max-video-preview":"max-video-preview:-1"},"canonical":"https:\/\/www.camping-ametza.com\/de\/sich-wundern\/","og_locale":"de_DE","og_type":"article","og_title":"Staunen mit Ametza: Urlaub mit Freunden oder f\u00fcr Senioren!","og_url":"https:\/\/www.camping-ametza.com\/de\/sich-wundern\/","og_site_name":"Camping Ametza","article_publisher":"https:\/\/www.facebook.com\/camping.ametza","article_modified_time":"2024-01-09T12:52:48+00:00","og_image":[{"width":2560,"height":1707,"url":"https:\/\/www.camping-ametza.com\/wp-content\/uploads\/2023\/12\/header_bord-de-mer-pays-basque.webp","type":"image\/webp"}],"twitter_card":"summary_large_image","twitter_misc":{"Gesch\u00e4tzte Lesezeit":"1\u00a0Minute"},"schema":{"@context":"https:\/\/schema.org","@graph":[{"@type":"WebPage","@id":"https:\/\/www.camping-ametza.com\/de\/sich-wundern\/","url":"https:\/\/www.camping-ametza.com\/de\/sich-wundern\/","name":"Staunen mit Ametza: Urlaub mit Freunden oder f\u00fcr Senioren!","isPartOf":{"@id":"https:\/\/www.camping-ametza.com\/de\/#website"},"primaryImageOfPage":{"@id":"https:\/\/www.camping-ametza.com\/de\/sich-wundern\/#primaryimage"},"image":{"@id":"https:\/\/www.camping-ametza.com\/de\/sich-wundern\/#primaryimage"},"thumbnailUrl":"https:\/\/www.camping-ametza.com\/wp-content\/uploads\/2023\/12\/header_bord-de-mer-pays-basque.webp","datePublished":"2023-12-28T13:46:55+00:00","dateModified":"2024-01-09T12:52:48+00:00","breadcrumb":{"@id":"https:\/\/www.camping-ametza.com\/de\/sich-wundern\/#breadcrumb"},"inLanguage":"de","potentialAction":[{"@type":"ReadAction","target":["https:\/\/www.camping-ametza.com\/de\/sich-wundern\/"]}]},{"@type":"ImageObject","inLanguage":"de","@id":"https:\/\/www.camping-ametza.com\/de\/sich-wundern\/#primaryimage","url":"https:\/\/www.camping-ametza.com\/wp-content\/uploads\/2023\/12\/header_bord-de-mer-pays-basque.webp","contentUrl":"https:\/\/www.camping-ametza.com\/wp-content\/uploads\/2023\/12\/header_bord-de-mer-pays-basque.webp","width":2560,"height":1707,"caption":"header meeresk\u00fcste baskenland"},{"@type":"BreadcrumbList","@id":"https:\/\/www.camping-ametza.com\/de\/sich-wundern\/#breadcrumb","itemListElement":[{"@type":"ListItem","position":1,"name":"Camping Hendaye, au Pays basque","item":"https:\/\/www.camping-ametza.com\/de\/"},{"@type":"ListItem","position":2,"name":"Sich wundern"}]},{"@type":"WebSite","@id":"https:\/\/www.camping-ametza.com\/de\/#website","url":"https:\/\/www.camping-ametza.com\/de\/","name":"Camping Ametza","description":"Ametza, ensemble autrement","publisher":{"@id":"https:\/\/www.camping-ametza.com\/de\/#organization"},"alternateName":"Ametza","potentialAction":[{"@type":"SearchAction","target":{"@type":"EntryPoint","urlTemplate":"https:\/\/www.camping-ametza.com\/de\/?s={search_term_string}"},"query-input":{"@type":"PropertyValueSpecification","valueRequired":true,"valueName":"search_term_string"}}],"inLanguage":"de"},{"@type":"Organization","@id":"https:\/\/www.camping-ametza.com\/de\/#organization","name":"Camping Ametza","alternateName":"Ametza","url":"https:\/\/www.camping-ametza.com\/de\/","logo":{"@type":"ImageObject","inLanguage":"de","@id":"https:\/\/www.camping-ametza.com\/de\/#\/schema\/logo\/image\/","url":"https:\/\/www.camping-ametza.com\/wp-content\/uploads\/2023\/11\/logo-camping-ametza-1.webp","contentUrl":"https:\/\/www.camping-ametza.com\/wp-content\/uploads\/2023\/11\/logo-camping-ametza-1.webp","width":296,"height":296,"caption":"Camping Ametza"},"image":{"@id":"https:\/\/www.camping-ametza.com\/de\/#\/schema\/logo\/image\/"},"sameAs":["https:\/\/www.facebook.com\/camping.ametza"]}]}},"_links":{"self":[{"href":"https:\/\/www.camping-ametza.com\/de\/wp-json\/wp\/v2\/pages\/22875","targetHints":{"allow":["GET"]}}],"collection":[{"href":"https:\/\/www.camping-ametza.com\/de\/wp-json\/wp\/v2\/pages"}],"about":[{"href":"https:\/\/www.camping-ametza.com\/de\/wp-json\/wp\/v2\/types\/page"}],"author":[{"embeddable":true,"href":"https:\/\/www.camping-ametza.com\/de\/wp-json\/wp\/v2\/users\/1"}],"replies":[{"embeddable":true,"href":"https:\/\/www.camping-ametza.com\/de\/wp-json\/wp\/v2\/comments?post=22875"}],"version-history":[{"count":15,"href":"https:\/\/www.camping-ametza.com\/de\/wp-json\/wp\/v2\/pages\/22875\/revisions"}],"predecessor-version":[{"id":25330,"href":"https:\/\/www.camping-ametza.com\/de\/wp-json\/wp\/v2\/pages\/22875\/revisions\/25330"}],"wp:featuredmedia":[{"embeddable":true,"href":"https:\/\/www.camping-ametza.com\/de\/wp-json\/wp\/v2\/media\/16984"}],"wp:attachment":[{"href":"https:\/\/www.camping-ametza.com\/de\/wp-json\/wp\/v2\/media?parent=22875"}],"wp:term":[{"taxonomy":"sujet","embeddable":true,"href":"https:\/\/www.camping-ametza.com\/de\/wp-json\/wp\/v2\/sujet?post=22875"}],"curies":[{"name":"wp","href":"https:\/\/api.w.org\/{rel}","templated":true}]}}