{"id":22921,"date":"2023-12-28T14:47:07","date_gmt":"2023-12-28T13:47:07","guid":{"rendered":"https:\/\/www.camping-ametza.com\/location-pays-basque\/van\/"},"modified":"2024-01-09T15:56:55","modified_gmt":"2024-01-09T14:56:55","slug":"van","status":"publish","type":"page","link":"https:\/\/www.camping-ametza.com\/de\/ferienwohnungen\/van\/","title":{"rendered":"Startseite Van"},"content":{"rendered":"<section id=\"ls-section-block_7ce5798759cf953edc17c73e4f8fb300\" class=\"ls-section  page-four\" >\r\n        <div class=\"container container--wide\">\r\n        \n\n<div id=\"ls-heading ls-titre-div-block_61e2fd6ae16b38af220df86796a6be53\" class=\"ls-titre-div aligncenter h1-like\" >\n     <strong>Lassen Sie<\/strong> <span>Ihre<\/span> <em>Auswahl<\/em><\/div>\n\n\n\n<div id=\"ls-hebergements-block_b5ed35b10c57b130e54c71e697f06f39\" class=\"ls-hebergements\" >\n    \n    <div class=\"ls-customizer\">\n\n    <div class=\"ls-customizer__filters\">\n        <div class=\"ls-customizer__filters__close\">\n            <i class=\"fas fa-times\"><\/i>\n        <\/div>\n\n        <div class=\"ls-customizer__filters__title\">\n            <b>Filter<\/b>\n            <span class=\"ls-customizer__filters__clear\"><i class=\"fas fa-times\"><\/i> Filter l\u00f6schen<\/span>\n        <\/div>\n\n        \n\n                    <!-- Filtre gammes -->\n            <div class=\"filter\" id=\"filter-gamme\">\n                <div class=\"filter__title\">Reihe<i class=\"fas fa-angle-down\"><\/i><\/div>\n                <fieldset data-filter=\"gamme\" class=\"input\" data-operator=\"*=\">\n                    <div><input id=\"checkbox-gamme-all\" type=\"radio\" name=\"gamme\" class=\"checkbox\"><label for='checkbox-gamme-all'>Tous<\/label><\/div><div><input id=\"checkbox-gamme-nature-authentique\" type=\"radio\" name=\"gamme\" value=\"nature-authentique\" class=\"checkbox\"><label for='checkbox-gamme-nature-authentique'>Nature Authentique<\/label><\/div><div><input id=\"checkbox-gamme-nature-harmonie\" type=\"radio\" name=\"gamme\" value=\"nature-harmonie\" class=\"checkbox\"><label for='checkbox-gamme-nature-harmonie'>Nature Harmonie<\/label><\/div><div><input id=\"checkbox-gamme-nature-charme\" type=\"radio\" name=\"gamme\" value=\"nature-charme\" class=\"checkbox\"><label for='checkbox-gamme-nature-charme'>Nature Charme<\/label><\/div><div><input id=\"checkbox-gamme-nature-seduction\" type=\"radio\" name=\"gamme\" value=\"nature-seduction\" class=\"checkbox\"><label for='checkbox-gamme-nature-seduction'>Nature S\u00e9duction<\/label><\/div><div><input id=\"checkbox-gamme-nature-elegance\" type=\"radio\" name=\"gamme\" value=\"nature-elegance\" class=\"checkbox\"><label for='checkbox-gamme-nature-elegance'>Nature \u00c9l\u00e9gance<\/label><\/div>                <\/fieldset>\n                <input type=\"hidden\" name=\"gammes_to_show\" id=\"gammes_to_show\" value=''>\n            <\/div>\n        \n\n        \n        <!-- Filtres ACF fields -->\n        \n                                <!-- Filtre nombre_de_personnes -->\n                        <div class=\"filter\" id=\"filter-nombre_de_personnes\">\n                <div class=\"filter__title\">Maximale Kapazit\u00e4t<i class=\"fas fa-angle-down\"><\/i><\/div>\n                <fieldset data-filter=\"nombre_de_personnes\" data-operator=\"<=\" class=\"input\">\n\n                    <div><input type=\"radio\" name=\"nombre_de_personnes\" id=\"nombre_de_personnes-all\"  class=\"checkbox\" \/><label for='nombre_de_personnes-all'>Tous<\/label><\/div><div><input type=\"radio\" name=\"nombre_de_personnes\" id=\"nombre_de_personnes-2\" value=\"2\" class=\"checkbox\"  \/><label for='nombre_de_personnes-2'>Bis zu 2 pers.<\/label><\/div><div><input type=\"radio\" name=\"nombre_de_personnes\" id=\"nombre_de_personnes-4\" value=\"4\" class=\"checkbox\"  \/><label for='nombre_de_personnes-4'>Bis zu 4 pers.<\/label><\/div><div><input type=\"radio\" name=\"nombre_de_personnes\" id=\"nombre_de_personnes-5\" value=\"5\" class=\"checkbox\"  \/><label for='nombre_de_personnes-5'>Bis zu 5 pers.<\/label><\/div><div><input type=\"radio\" name=\"nombre_de_personnes\" id=\"nombre_de_personnes-6\" value=\"6\" class=\"checkbox\"  \/><label for='nombre_de_personnes-6'>Bis zu 6 pers.<\/label><\/div>                <\/fieldset>\n            <\/div>\n                                <!-- Filtre nombre_de_chambres -->\n                        <div class=\"filter\" id=\"filter-nombre_de_chambres\">\n                <div class=\"filter__title\">Anzahl der Zimmer<i class=\"fas fa-angle-down\"><\/i><\/div>\n                <fieldset data-filter=\"nombre_de_chambres\" data-operator=\"==\" class=\"input\">\n\n                    <div><input type=\"radio\" name=\"nombre_de_chambres\" id=\"nombre_de_chambres-all\"  class=\"checkbox\" \/><label for='nombre_de_chambres-all'>Tous<\/label><\/div><div><input type=\"radio\" name=\"nombre_de_chambres\" id=\"nombre_de_chambres-1\" value=\"1\" class=\"checkbox\"  \/><label for='nombre_de_chambres-1'>1<\/label><\/div><div><input type=\"radio\" name=\"nombre_de_chambres\" id=\"nombre_de_chambres-2\" value=\"2\" class=\"checkbox\"  \/><label for='nombre_de_chambres-2'>2<\/label><\/div><div><input type=\"radio\" name=\"nombre_de_chambres\" id=\"nombre_de_chambres-3\" value=\"3\" class=\"checkbox\"  \/><label for='nombre_de_chambres-3'>3<\/label><\/div>                <\/fieldset>\n            <\/div>\n                                <!-- Filtre options-hebergements -->\n                        <div class=\"filter\" id=\"filter-options-hebergements\">\n                <div class=\"filter__title\">Optionen<i class=\"fas fa-angle-down\"><\/i><\/div>\n                <fieldset data-filter=\"options-hebergements\" data-operator=\"*=\" class=\"input\">\n\n                    <div><input type=\"checkbox\" name=\"options-hebergements\" id=\"options-hebergements-all\"  class=\"checkbox\" \/><label for='options-hebergements-all'>Tous<\/label><\/div><div><input type=\"checkbox\" name=\"options-hebergements\" id=\"options-hebergements-acces-pmr\" value=\"acces-pmr\" class=\"checkbox\"  \/><label for='options-hebergements-acces-pmr'>Acc\u00e8s PMR<\/label><\/div><div><input type=\"checkbox\" name=\"options-hebergements\" id=\"options-hebergements-coup-de-coeur\" value=\"coup-de-coeur\" class=\"checkbox\"  \/><label for='options-hebergements-coup-de-coeur'>Coup de coeur<\/label><\/div><div><input type=\"checkbox\" name=\"options-hebergements\" id=\"options-hebergements-pack-confort\" value=\"pack-confort\" class=\"checkbox\"  \/><label for='options-hebergements-pack-confort'>Pack Confort+<\/label><\/div>                <\/fieldset>\n            <\/div>\n        \n        \n    <\/div>\n\n    <div class=\"ls-customizer__orders\">\n        <i class=\"fas fa-sort\"><\/i>\n        <select class=\"select-order\">\n            <option selected value=\"\">Sortieren nach<\/option>\n            <option value=\"price-asc\">Preis aufsteigend<\/option>\n            <option value=\"price-desc\">Preis absteigend<\/option>\n        <\/select>\n    <\/div>\n\n<\/div><div class=\"ls-hebergements__results\" data-row=\"3\" data-campings=\"false\" data-types=\"[165,66]\"><div class=\"ls-hebergement\" data-postid='26367' data-id-reservation='130131' data-id-site='' data-id1='' data-nombre_de_personnes='2' data-nombre_de_chambres='' data-prix_par_semaine='' data-type='pitch-fr' data-gamme='nature-authentique' data-gammeorder='1'>\n\t<a href=\"https:\/\/www.camping-ametza.com\/de\/hebergements\/campetoile-2-2\/\" rel=\"noopener\" target=\"_blank\" class=\"ls-hebergement__link\">\n\t\t<div class=\"ls-hebergement__thumb\">\n\t\t\t\t\t\t<div class=\"ls-hebergement__image-holder\">\n\t\t\t\t<img decoding=\"async\" src=\"https:\/\/www.camping-ametza.com\/wp-content\/uploads\/2024\/01\/0-1189979.jpg\" alt=\"Camp\u00e9toile\" \/>\n\t\t\t<\/div>\n\t\t\t\t\t\t<div class=\"ls-hebergement__thumb__infos\">\n\t\t\t\t<div class=\"ls-hebergement__title\">\n\t\t\t\t\t<span>Nature Authentique<\/span>\n\t\t\t\t\tCamp\u00e9toile\t\t\t\t<\/div>\n\t\t\t\t<div class=\"ls-hebergement__disponibilites\">\n            \n\t\t\t\t\tEntdecken Sie\t\t\t\t<\/div>\n\t\t\t<\/div>\n\t\t<\/div>\n\t\t<div class=\"ls-hebergement__icons\">\n\n\t\t\t\t\t\t\t<span class=\"ls-hebergement__icon\">\n\t\t\t\t\t<i class=\"ametza-famille\"><\/i>\n\t\t\t\t\t2\t\t\t\t<\/span>\n\t\t\t\n\t\t\t\n\t\t\t\n\n\n\t\t\t\n\n\n\t\t<\/div>\n\n\n\t\t<!-- <div class=\"ls-hebergement__details\">\n\t\t\t<div class=\"ls-hebergement__disponibilites\">\n\t\t\t\tEntdecken Sie\t\t\t<\/div>\n\t\t\t<div class=\"ls-button\">\n\t\t\t\t<span>D\u00e9couvrir<\/span>\n\t\t\t\t<i class=\"ametza-fleche\"><\/i>\n\t\t\t<\/div>\n\t\t<\/div> -->\n\t<\/a>\n<\/div><div class=\"ls-hebergement\" data-postid='26360' data-id-reservation='134122' data-id-site='' data-id1='' data-nombre_de_personnes='6' data-nombre_de_chambres='' data-prix_par_semaine='' data-type='pitch-fr' data-gamme='nature-authentique' data-gammeorder='1'>\n\t<a href=\"https:\/\/www.camping-ametza.com\/de\/hebergements\/standort-privileg\/\" rel=\"noopener\" target=\"_blank\" class=\"ls-hebergement__link\">\n\t\t<div class=\"ls-hebergement__thumb\">\n\t\t\t\t\t\t<div class=\"ls-hebergement__image-holder\">\n\t\t\t\t<img decoding=\"async\" src=\"https:\/\/www.camping-ametza.com\/wp-content\/uploads\/2024\/05\/0-1235399.jpg\" alt=\"Emplacement &#8222;Privil\u00e8ge&#8220;\" \/>\n\t\t\t<\/div>\n\t\t\t\t\t\t<div class=\"ls-hebergement__thumb__infos\">\n\t\t\t\t<div class=\"ls-hebergement__title\">\n\t\t\t\t\t<span>Nature Authentique<\/span>\n\t\t\t\t\tEmplacement &#8222;Privil\u00e8ge&#8220;\t\t\t\t<\/div>\n\t\t\t\t<div class=\"ls-hebergement__disponibilites\">\n            \n\t\t\t\t\tEntdecken Sie\t\t\t\t<\/div>\n\t\t\t<\/div>\n\t\t<\/div>\n\t\t<div class=\"ls-hebergement__icons\">\n\n\t\t\t\t\t\t\t<span class=\"ls-hebergement__icon\">\n\t\t\t\t\t<i class=\"ametza-famille\"><\/i>\n\t\t\t\t\t6\t\t\t\t<\/span>\n\t\t\t\n\t\t\t\n\t\t\t\n\n\n\t\t\t\n\n\n\t\t<\/div>\n\n\n\t\t<!-- <div class=\"ls-hebergement__details\">\n\t\t\t<div class=\"ls-hebergement__disponibilites\">\n\t\t\t\tEntdecken Sie\t\t\t<\/div>\n\t\t\t<div class=\"ls-button\">\n\t\t\t\t<span>D\u00e9couvrir<\/span>\n\t\t\t\t<i class=\"ametza-fleche\"><\/i>\n\t\t\t<\/div>\n\t\t<\/div> -->\n\t<\/a>\n<\/div><div class=\"ls-hebergement\" data-postid='25706' data-id-reservation='130140' data-id-site='' data-id1='' data-nombre_de_personnes='4' data-nombre_de_chambres='' data-prix_par_semaine='' data-type='pitch-fr' data-gamme='nature-authentique' data-gammeorder='1'>\n\t<a href=\"https:\/\/www.camping-ametza.com\/de\/hebergements\/campetoile\/\" rel=\"noopener\" target=\"_blank\" class=\"ls-hebergement__link\">\n\t\t<div class=\"ls-hebergement__thumb\">\n\t\t\t\t\t\t<div class=\"ls-hebergement__image-holder\">\n\t\t\t\t<img decoding=\"async\" src=\"https:\/\/www.camping-ametza.com\/wp-content\/uploads\/2024\/01\/0-1190000.jpg\" alt=\"Camp\u00e9toile\" \/>\n\t\t\t<\/div>\n\t\t\t\t\t\t<div class=\"ls-hebergement__thumb__infos\">\n\t\t\t\t<div class=\"ls-hebergement__title\">\n\t\t\t\t\t<span>Nature Authentique<\/span>\n\t\t\t\t\tCamp\u00e9toile\t\t\t\t<\/div>\n\t\t\t\t<div class=\"ls-hebergement__disponibilites\">\n            \n\t\t\t\t\tEntdecken Sie\t\t\t\t<\/div>\n\t\t\t<\/div>\n\t\t<\/div>\n\t\t<div class=\"ls-hebergement__icons\">\n\n\t\t\t\t\t\t\t<span class=\"ls-hebergement__icon\">\n\t\t\t\t\t<i class=\"ametza-famille\"><\/i>\n\t\t\t\t\t4\t\t\t\t<\/span>\n\t\t\t\n\t\t\t\n\t\t\t\n\n\n\t\t\t\n\n\n\t\t<\/div>\n\n\n\t\t<!-- <div class=\"ls-hebergement__details\">\n\t\t\t<div class=\"ls-hebergement__disponibilites\">\n\t\t\t\tEntdecken Sie\t\t\t<\/div>\n\t\t\t<div class=\"ls-button\">\n\t\t\t\t<span>D\u00e9couvrir<\/span>\n\t\t\t\t<i class=\"ametza-fleche\"><\/i>\n\t\t\t<\/div>\n\t\t<\/div> -->\n\t<\/a>\n<\/div><div class=\"ls-hebergement\" data-postid='1494' data-id-reservation='89453' data-id-site='' data-id1='' data-nombre_de_personnes='6' data-nombre_de_chambres='' data-prix_par_semaine='' data-type='pitch-fr' data-gamme='nature-authentique' data-gammeorder='1'>\n\t<a href=\"https:\/\/www.camping-ametza.com\/de\/hebergements\/standort-3-anschluesse-wasser-elektrische-wasserleitungen\/\" rel=\"noopener\" target=\"_blank\" class=\"ls-hebergement__link\">\n\t\t<div class=\"ls-hebergement__thumb\">\n\t\t\t\t\t\t<div class=\"ls-hebergement__image-holder\">\n\t\t\t\t<img decoding=\"async\" src=\"https:\/\/www.camping-ametza.com\/wp-content\/uploads\/2024\/01\/0-1180194.jpg\" alt=\"Emplacement &#8222;Confort&#8220;\" \/>\n\t\t\t<\/div>\n\t\t\t\t\t\t<div class=\"ls-hebergement__thumb__infos\">\n\t\t\t\t<div class=\"ls-hebergement__title\">\n\t\t\t\t\t<span>Nature Authentique<\/span>\n\t\t\t\t\tEmplacement &#8222;Confort&#8220;\t\t\t\t<\/div>\n\t\t\t\t<div class=\"ls-hebergement__disponibilites\">\n            \n\t\t\t\t\tEntdecken Sie\t\t\t\t<\/div>\n\t\t\t<\/div>\n\t\t<\/div>\n\t\t<div class=\"ls-hebergement__icons\">\n\n\t\t\t\t\t\t\t<span class=\"ls-hebergement__icon\">\n\t\t\t\t\t<i class=\"ametza-famille\"><\/i>\n\t\t\t\t\t6\t\t\t\t<\/span>\n\t\t\t\n\t\t\t\n\t\t\t\n\n\n\t\t\t\n\n\n\t\t<\/div>\n\n\n\t\t<!-- <div class=\"ls-hebergement__details\">\n\t\t\t<div class=\"ls-hebergement__disponibilites\">\n\t\t\t\tEntdecken Sie\t\t\t<\/div>\n\t\t\t<div class=\"ls-button\">\n\t\t\t\t<span>D\u00e9couvrir<\/span>\n\t\t\t\t<i class=\"ametza-fleche\"><\/i>\n\t\t\t<\/div>\n\t\t<\/div> -->\n\t<\/a>\n<\/div><div class=\"ls-hebergement\" data-postid='1488' data-id-reservation='70314' data-id-site='' data-id1='' data-nombre_de_personnes='6' data-nombre_de_chambres='' data-prix_par_semaine='0' data-type='pitch-fr' data-gamme='nature-authentique' data-gammeorder='1'>\n\t<a href=\"https:\/\/www.camping-ametza.com\/de\/hebergements\/standort-camping-elektrizitaet\/\" rel=\"noopener\" target=\"_blank\" class=\"ls-hebergement__link\">\n\t\t<div class=\"ls-hebergement__thumb\">\n\t\t\t\t\t\t<div class=\"ls-hebergement__image-holder\">\n\t\t\t\t<img decoding=\"async\" src=\"https:\/\/www.camping-ametza.com\/wp-content\/uploads\/2024\/01\/0-1180164.jpg\" alt=\"Emplacement &#8222;Traditionnel&#8220;\" \/>\n\t\t\t<\/div>\n\t\t\t\t\t\t<div class=\"ls-hebergement__thumb__infos\">\n\t\t\t\t<div class=\"ls-hebergement__title\">\n\t\t\t\t\t<span>Nature Authentique<\/span>\n\t\t\t\t\tEmplacement &#8222;Traditionnel&#8220;\t\t\t\t<\/div>\n\t\t\t\t<div class=\"ls-hebergement__disponibilites\">\n            \n\t\t\t\t\tEntdecken Sie\t\t\t\t<\/div>\n\t\t\t<\/div>\n\t\t<\/div>\n\t\t<div class=\"ls-hebergement__icons\">\n\n\t\t\t\t\t\t\t<span class=\"ls-hebergement__icon\">\n\t\t\t\t\t<i class=\"ametza-famille\"><\/i>\n\t\t\t\t\t6\t\t\t\t<\/span>\n\t\t\t\n\t\t\t\n\t\t\t\n\n\n\t\t\t\n\n\n\t\t<\/div>\n\n\n\t\t<!-- <div class=\"ls-hebergement__details\">\n\t\t\t<div class=\"ls-hebergement__disponibilites\">\n\t\t\t\tEntdecken Sie\t\t\t<\/div>\n\t\t\t<div class=\"ls-button\">\n\t\t\t\t<span>D\u00e9couvrir<\/span>\n\t\t\t\t<i class=\"ametza-fleche\"><\/i>\n\t\t\t<\/div>\n\t\t<\/div> -->\n\t<\/a>\n<\/div><div class=\"ls-hebergement\" data-postid='1460' data-id-reservation='104478' data-id-site='' data-id1='' data-nombre_de_personnes='6' data-nombre_de_chambres='' data-prix_par_semaine='' data-type='pitch-fr' data-gamme='nature-authentique' data-gammeorder='1' data-options-hebergements='coup-de-coeur'>\n\t<a href=\"https:\/\/www.camping-ametza.com\/de\/hebergements\/standort-premium\/\" rel=\"noopener\" target=\"_blank\" class=\"ls-hebergement__link\">\n\t\t<div class=\"ls-hebergement__thumb\">\n\t\t\t\t\t\t<div class=\"ls-hebergement__image-holder\">\n\t\t\t\t<img decoding=\"async\" src=\"https:\/\/www.camping-ametza.com\/wp-content\/uploads\/2024\/01\/0-1180199-scaled.jpg\" alt=\"Emplacement &#8222;Premium&#8220;\" \/>\n\t\t\t<\/div>\n\t\t\t<div class=\"ls-hebergement__options-etiquette\"><span class=\"ls-hebergement__option-etiquette\">Coup de coeur<\/span><\/div>\t\t\t<div class=\"ls-hebergement__thumb__infos\">\n\t\t\t\t<div class=\"ls-hebergement__title\">\n\t\t\t\t\t<span>Nature Authentique<\/span>\n\t\t\t\t\tEmplacement &#8222;Premium&#8220;\t\t\t\t<\/div>\n\t\t\t\t<div class=\"ls-hebergement__disponibilites\">\n            \n\t\t\t\t\tEntdecken Sie\t\t\t\t<\/div>\n\t\t\t<\/div>\n\t\t<\/div>\n\t\t<div class=\"ls-hebergement__icons\">\n\n\t\t\t\t\t\t\t<span class=\"ls-hebergement__icon\">\n\t\t\t\t\t<i class=\"ametza-famille\"><\/i>\n\t\t\t\t\t6\t\t\t\t<\/span>\n\t\t\t\n\t\t\t\n\t\t\t\n\n\n\t\t\t\n\n\n\t\t<\/div>\n\n\n\t\t<!-- <div class=\"ls-hebergement__details\">\n\t\t\t<div class=\"ls-hebergement__disponibilites\">\n\t\t\t\tEntdecken Sie\t\t\t<\/div>\n\t\t\t<div class=\"ls-button\">\n\t\t\t\t<span>D\u00e9couvrir<\/span>\n\t\t\t\t<i class=\"ametza-fleche\"><\/i>\n\t\t\t<\/div>\n\t\t<\/div> -->\n\t<\/a>\n<\/div><\/div><\/div>\n\r\n    <\/div>\r\n<\/section><section id=\"ls-section-block_2f8a3ca375e09923e0590529acbac931\" class=\"ls-section  page-one\" >\r\n        <div class=\"container container--wide\">\r\n        \n\n<div class=\"wp-block-columns are-vertically-aligned-center is-layout-flex wp-container-core-columns-is-layout-9d6595d7 wp-block-columns-is-layout-flex\">\n<div class=\"wp-block-column is-vertically-aligned-center column-parallax is-layout-flow wp-block-column-is-layout-flow\" style=\"flex-basis:60%\">\n<figure class=\"wp-block-gallery has-nested-images columns-default is-cropped wp-block-gallery-1 is-layout-flex wp-block-gallery-is-layout-flex\">\n<figure class=\"wp-block-image size-full\"><a href=\"https:\/\/www.camping-ametza.com\/wp-content\/uploads\/2023\/12\/AMETZA-EMPLACEMENTS-fourgon-famille.webp\"><img decoding=\"async\" width=\"1500\" height=\"1000\" data-id=\"18150\" src=\"https:\/\/www.camping-ametza.com\/wp-content\/uploads\/2023\/12\/AMETZA-EMPLACEMENTS-fourgon-famille.webp\" alt=\"AMETZA STELLPL&#xC4;TZE Kastenwagen Familie\" class=\"wp-image-18150\" srcset=\"https:\/\/www.camping-ametza.com\/wp-content\/uploads\/2023\/12\/AMETZA-EMPLACEMENTS-fourgon-famille.webp 1500w, https:\/\/www.camping-ametza.com\/wp-content\/uploads\/2023\/12\/AMETZA-EMPLACEMENTS-fourgon-famille-300x200.webp 300w, https:\/\/www.camping-ametza.com\/wp-content\/uploads\/2023\/12\/AMETZA-EMPLACEMENTS-fourgon-famille-1024x683.webp 1024w, https:\/\/www.camping-ametza.com\/wp-content\/uploads\/2023\/12\/AMETZA-EMPLACEMENTS-fourgon-famille-768x512.webp 768w\" sizes=\"(max-width: 1500px) 100vw, 1500px\" \/><\/a><\/figure>\n\n\n\n<figure class=\"wp-block-image size-full\"><a href=\"https:\/\/www.camping-ametza.com\/wp-content\/uploads\/2023\/12\/camping-ametza-location-emplacement-van-petit-prix-scaled.webp\"><img decoding=\"async\" width=\"2560\" height=\"1707\" data-id=\"18177\" src=\"https:\/\/www.camping-ametza.com\/wp-content\/uploads\/2023\/12\/camping-ametza-location-emplacement-van-petit-prix-scaled.webp\" alt=\"camping ametza vermietung stellplatz van kleiner preis\" class=\"wp-image-18177\" srcset=\"https:\/\/www.camping-ametza.com\/wp-content\/uploads\/2023\/12\/camping-ametza-location-emplacement-van-petit-prix-scaled.webp 2560w, https:\/\/www.camping-ametza.com\/wp-content\/uploads\/2023\/12\/camping-ametza-location-emplacement-van-petit-prix-300x200.webp 300w, https:\/\/www.camping-ametza.com\/wp-content\/uploads\/2023\/12\/camping-ametza-location-emplacement-van-petit-prix-1024x683.webp 1024w, https:\/\/www.camping-ametza.com\/wp-content\/uploads\/2023\/12\/camping-ametza-location-emplacement-van-petit-prix-768x512.webp 768w, https:\/\/www.camping-ametza.com\/wp-content\/uploads\/2023\/12\/camping-ametza-location-emplacement-van-petit-prix-1536x1024.webp 1536w, https:\/\/www.camping-ametza.com\/wp-content\/uploads\/2023\/12\/camping-ametza-location-emplacement-van-petit-prix-2048x1365.webp 2048w\" sizes=\"(max-width: 2560px) 100vw, 2560px\" \/><\/a><\/figure>\n<\/figure>\n<\/div>\n\n\n\n<div class=\"wp-block-column is-vertically-aligned-center has-color-3-background-color has-background is-layout-flow wp-block-column-is-layout-flow\" style=\"flex-basis:40%\">\n<h2 class=\"ls__heading wp-block-heading\">Die <strong>Vorteile<\/strong> der Wahl eines <strong>Campingplatzes, um seinen Van unterzubringen<\/strong><\/h2>\n\n\n\n<p class=\"ls-paragraph\">Verbringen Sie angenehme Momente mit Ihren Lieben, indem Sie sich <strong>im Herzen des Baskenlandes aufhalten<\/strong>. Dieses idyllische Reiseziel liegt im \u00e4u\u00dfersten <strong>S\u00fcdwesten Frankreichs<\/strong>, s\u00fcdlich der Pyren\u00e4en. Sie wird auch als Land des Charmes und der Kultur bezeichnet und hat alle Tr\u00fcmpfe in der Hand, um Ihnen einen <strong>unvergesslichen Familienurlaub<\/strong> zu bieten. In der Region gibt es Campingpl\u00e4tze in Meeresn\u00e4he wie unseren <a href=\"\/\">Campingplatz in Hendaye<\/a>, damit Sie die Gegend voll und ganz erkunden k\u00f6nnen.<\/p>\n\n\n\n<p class=\"ls-paragraph\">Lassen Sie sich von einer <strong>Camping-Erfahrung<\/strong> im Van verf\u00fchren, um die gr\u00fcne Region des <strong>Baskenlandes<\/strong> voll und ganz zu entdecken. <strong>Vans<\/strong> zum Zelten in dieser Stadt sind eine gute Alternative, da sie <strong>zu einem geringen Preis gemietet<\/strong> werden k\u00f6nnen.<\/p>\n\n\n\n<div class=\"ls-lire-plus\">\n    <input id=\"ls-lire-plus-block_af14a665436eccdc89dc36d8716c165469ec79f82661a\" type=\"checkbox\" class=\"ls-lire-plus__toggle\"  \/>\n    <label for=\"ls-lire-plus-block_af14a665436eccdc89dc36d8716c165469ec79f82661a\" class=\"ls-lire-plus__toggle-label\">\n        <span>Lesen Sie mehr<\/span>\n        <span>Weniger lesen<\/span>\n    <\/label>\n    <div class=\"ls-lire-plus__content\">\n        \n\n<p class=\"ls-paragraph\">Der Vorteil des <strong>ausgebauten Kastenwagens<\/strong> ist seine Vielseitigkeit; er kann sowohl Ihr Alltagsfahrzeug als auch Ihr Freizeitfahrzeug sein. Sie k\u00f6nnen seine Inneneinrichtung selbst gestalten und die Ausstattung w\u00e4hlen, die Sie f\u00fcr einen unvergesslichen Urlaub in der Region ben\u00f6tigen.<\/p>\n\n\n\n<p class=\"ls-paragraph\">Ein weiterer Vorteil des Vans ist, dass die <a href=\"https:\/\/www.camping-ametza.com\/de\/ferienwohnungen\/standorte-camping-baskenland\/\">Miete f\u00fcr den Stellplatz auf Campingpl\u00e4tzen<\/a> erschwinglich ist. Diese Art von ausgebautem Kastenwagen nimmt nur wenig Platz ein. Eine kleine Fl\u00e4che reicht also aus, um vollen Komfort zu genie\u00dfen. Viele m\u00f6gen das Wohnmobil aufgrund seiner modernen Note und der Eleganz einiger Modelle bevorzugen. Allerdings ist der Van genauso <strong>charmant und wendig<\/strong> wie das Wohnmobil, sowohl im Stra\u00dfenverkehr als auch beim Parken.<\/p>\n\n        <div class=\"ls-lire-plus__gradient\" style=\"background: linear-gradient(to bottom,rgba(255,255,255,0) 0%,rgba(255,255,255,1) 100%);\"><\/div>\n    <\/div>\n<\/div><\/div>\n<\/div>\n\n\r\n    <\/div>\r\n<\/section><section id=\"ls-section-block_88f6723ea006c12953987b2edb648ffc\" class=\"ls-section  home-seventh page-three has-background-image\" >\r\n    <div class=\"ls-section__background-image opacity-100\"><img decoding=\"async\" src=\"https:\/\/www.camping-ametza.com\/wp-content\/uploads\/2023\/12\/AMETZA-EMPLACEMENTS-van-camper-pays-basque.webp\" alt=\"AMETZA STELLPL\u00c4TZE van camper baskenland\"><\/div>    <div class=\"container container--wide\">\r\n        \n\n<div class=\"wp-block-columns is-layout-flex wp-container-core-columns-is-layout-9d6595d7 wp-block-columns-is-layout-flex\">\n<div class=\"wp-block-column is-layout-flow wp-block-column-is-layout-flow\">\n<h2 class=\"ls__heading wp-block-heading has-text-align-center\">Die Werte des  <br\/><strong>Camping in Van<\/strong><\/h2>\n\n\n\n<p class=\"ls-paragraph has-text-align-center\"><strong>Camping im Van<\/strong> bietet Ihnen die M\u00f6glichkeit, sich in der Natur zu erholen. Ein Urlaub im Van stellt eine echte pers\u00f6nliche Entwicklung dar. Sie haben die Chance, w\u00e4hrend Ihres Campingurlaubs in einem <strong>ausgebauten Kastenwagen<\/strong> Beziehungen zu anderen Menschen aufzubauen und sich Ihren Lieben anzun\u00e4hern.<\/p>\n\n\n\n<div class=\"ls-lire-plus\">\n    <input id=\"ls-lire-plus-block_af14a665436eccdc89dc36d8716c165469ec79f827821\" type=\"checkbox\" class=\"ls-lire-plus__toggle\"  \/>\n    <label for=\"ls-lire-plus-block_af14a665436eccdc89dc36d8716c165469ec79f827821\" class=\"ls-lire-plus__toggle-label\">\n        <span>Lesen Sie mehr<\/span>\n        <span>Weniger lesen<\/span>\n    <\/label>\n    <div class=\"ls-lire-plus__content\">\n        \n\n<p class=\"ls-paragraph has-text-align-center\"><strong>Frei in der Bewegung<\/strong>, k\u00f6nnen Sie die Sehensw\u00fcrdigkeiten des Baskenlandes besuchen, die Sie m\u00f6chten. Seien Sie sich bewusst, dass die Erfahrungen mit einem Wohnmobil und einem Van nicht dieselben sind. Trotz der geringen Gr\u00f6\u00dfe eines Kastenwagens, der auf kleinem Raum eingerichtet ist, erweist er sich als trendy.<\/p>\n\n\n\n<p class=\"ls-paragraph has-text-align-center\"><strong>Im Van zu campen<\/strong> bedeutet, eine eigene Unterkunft auf R\u00e4dern zu haben. Sie verf\u00fcgen also \u00fcber einen unbestreitbaren Komfort, da Sie sich wie zu Hause f\u00fchlen k\u00f6nnen. Dar\u00fcber hinaus k\u00f6nnen Sie Geld sparen. Die<strong>Anmietung eines Campingstellplatzes f\u00fcr Vans<\/strong> ist zu erschwinglichen Preisen m\u00f6glich. Sie k\u00f6nnen sowohl die Gegend auf eigene Faust erkunden als auch die von der Einrichtung angebotenen Aktivit\u00e4ten nutzen.<\/p>\n\n        <div class=\"ls-lire-plus__gradient\" style=\"background: linear-gradient(to bottom,rgba(255,255,255,0) 0%,rgba(255,255,255,1) 100%);\"><\/div>\n    <\/div>\n<\/div><\/div>\n<\/div>\n\n\r\n    <\/div>\r\n<\/section><section id=\"ls-section-block_471bd695e4b32a80548eaf0bb7eec076\" class=\"ls-section  page-two\" >\r\n        <div class=\"container container--wide\">\r\n        \n\n<div class=\"wp-block-columns are-vertically-aligned-top is-layout-flex wp-container-core-columns-is-layout-9d6595d7 wp-block-columns-is-layout-flex\">\n<div class=\"wp-block-column is-vertically-aligned-top is-layout-flow wp-block-column-is-layout-flow\" style=\"flex-basis:33.33%\">\n<div id=\"ls-heading ls-titre-div-block_fcd593959970500f74b6b6efca9956cd\" class=\"ls-titre-div h2-like\" >\n    <br><\/div>\n\n\n\n<div class=\"wp-block-columns has-color-3-background-color has-background is-layout-flex wp-container-core-columns-is-layout-9d6595d7 wp-block-columns-is-layout-flex\">\n<div class=\"wp-block-column is-layout-flow wp-block-column-is-layout-flow\">\n<h2 class=\"ls__heading wp-block-heading has-text-align-left\">Die <strong>eingerichteten Stellpl\u00e4tze f\u00fcr Lieferwagen <\/strong>in Ametza<\/h2>\n\n\n\n<p class=\"ls-paragraph\">Der Campingplatz Ametza liegt in der <strong>N\u00e4he des Meeres<\/strong> und empf\u00e4ngt seine Besucher in einer ger\u00e4umigen und modernen Umgebung. Wenn Sie maximalen Komfort zu einem g\u00fcnstigen Preis suchen, ist dieser Campingplatz genau der richtige Ort f\u00fcr Sie. Es bietet eine gro\u00dfe Auswahl an Mietunterk\u00fcnften sowie eine gro\u00dfe Auswahl an Stellpl\u00e4tzen:<\/p>\n\n\n\n<div class=\"ls-lire-plus\">\n    <input id=\"ls-lire-plus-block_af14a665436eccdc89dc36d8716c165469ec79f82a230\" type=\"checkbox\" class=\"ls-lire-plus__toggle\"  \/>\n    <label for=\"ls-lire-plus-block_af14a665436eccdc89dc36d8716c165469ec79f82a230\" class=\"ls-lire-plus__toggle-label\">\n        <span>Lesen Sie mehr<\/span>\n        <span>Weniger lesen<\/span>\n    <\/label>\n    <div class=\"ls-lire-plus__content\">\n        \n\n<ul class=\"ls-list wp-block-list\">\n<li>Mobilheim;<\/li>\n\n\n\n<li>Ungew\u00f6hnliche Unterk\u00fcnfte ;<\/li>\n\n\n\n<li>Stellplatz: Wohnmobil, eingerichteter Kastenwagen, Zelt :<\/li>\n\n\n\n<li>Chalets ;<\/li>\n\n\n\n<li>usw.<\/li>\n<\/ul>\n\n\n\n<p class=\"ls-paragraph\">Diese Einrichtung verzaubert ihre Besucher mit ihrer Einrichtung und ihrem privilegierten Raum, der einen Panoramablick auf die gesamte Region bietet.<\/p>\n\n\n\n<p class=\"ls-paragraph\">Der Campingplatz verf\u00fcgt \u00fcber sehr gro\u00dfe klassische Stellpl\u00e4tze, die Platz f\u00fcr einen ausgebauten Kastenwagen, ein <strong>Wohnmobil<\/strong> und andere Unterk\u00fcnfte in allen Gr\u00f6\u00dfen bieten.<\/p>\n\n\n\n<p class=\"ls-paragraph\">Um die Privatsph\u00e4re und Geselligkeit der Urlauber zu wahren, ist jede Parzelle des Stellplatzes abgegrenzt.<\/p>\n\n\n\n<p class=\"ls-paragraph\">Dar\u00fcber hinaus bietet die<strong> Miete eines Stellplatzes<\/strong> Zugang zu diesen Einrichtungen:<\/p>\n\n\n\n<ul class=\"ls-list wp-block-list\">\n<li>Elektrizit\u00e4t ;<\/li>\n\n\n\n<li>Wasser :<\/li>\n\n\n\n<li>Wifi ;<\/li>\n\n\n\n<li>Nummerierte und privatisierte Sanit\u00e4ranlagen ;<\/li>\n\n\n\n<li>Ein Autositz ;<\/li>\n\n\n\n<li>usw.<\/li>\n<\/ul>\n\n        <div class=\"ls-lire-plus__gradient\" style=\"background: linear-gradient(to bottom,rgba(255,255,255,0) 0%,rgba(255,255,255,1) 100%);\"><\/div>\n    <\/div>\n<\/div><\/div>\n<\/div>\n<\/div>\n\n\n\n<div class=\"wp-block-column is-vertically-aligned-top column-parallax is-layout-flow wp-block-column-is-layout-flow\" style=\"flex-basis:66.66%\">\n<figure class=\"wp-block-gallery has-nested-images columns-default is-cropped wp-block-gallery-2 is-layout-flex wp-block-gallery-is-layout-flex\">\n<figure class=\"wp-block-image size-full\"><a href=\"https:\/\/www.camping-ametza.com\/wp-content\/uploads\/2023\/12\/AMETZA-EMPLACEMENTS.webp\"><img decoding=\"async\" width=\"1500\" height=\"1000\" data-id=\"18170\" src=\"https:\/\/www.camping-ametza.com\/wp-content\/uploads\/2023\/12\/AMETZA-EMPLACEMENTS.webp\" alt=\"AMETZA STANDORTE\" class=\"wp-image-18170\" srcset=\"https:\/\/www.camping-ametza.com\/wp-content\/uploads\/2023\/12\/AMETZA-EMPLACEMENTS.webp 1500w, https:\/\/www.camping-ametza.com\/wp-content\/uploads\/2023\/12\/AMETZA-EMPLACEMENTS-300x200.webp 300w, https:\/\/www.camping-ametza.com\/wp-content\/uploads\/2023\/12\/AMETZA-EMPLACEMENTS-1024x683.webp 1024w, https:\/\/www.camping-ametza.com\/wp-content\/uploads\/2023\/12\/AMETZA-EMPLACEMENTS-768x512.webp 768w\" sizes=\"(max-width: 1500px) 100vw, 1500px\" \/><\/a><\/figure>\n\n\n\n<figure class=\"wp-block-image size-full\"><a href=\"https:\/\/www.camping-ametza.com\/wp-content\/uploads\/2023\/12\/AMETZA-EMPLACEMENTS-fourgon-camper.webp\"><img decoding=\"async\" width=\"1500\" height=\"1000\" data-id=\"18145\" src=\"https:\/\/www.camping-ametza.com\/wp-content\/uploads\/2023\/12\/AMETZA-EMPLACEMENTS-fourgon-camper.webp\" alt=\"AMETZA STELLPL&#xC4;TZE Kastenwagen Wohnmobil\" class=\"wp-image-18145\" srcset=\"https:\/\/www.camping-ametza.com\/wp-content\/uploads\/2023\/12\/AMETZA-EMPLACEMENTS-fourgon-camper.webp 1500w, https:\/\/www.camping-ametza.com\/wp-content\/uploads\/2023\/12\/AMETZA-EMPLACEMENTS-fourgon-camper-300x200.webp 300w, https:\/\/www.camping-ametza.com\/wp-content\/uploads\/2023\/12\/AMETZA-EMPLACEMENTS-fourgon-camper-1024x683.webp 1024w, https:\/\/www.camping-ametza.com\/wp-content\/uploads\/2023\/12\/AMETZA-EMPLACEMENTS-fourgon-camper-768x512.webp 768w\" sizes=\"(max-width: 1500px) 100vw, 1500px\" \/><\/a><\/figure>\n<\/figure>\n<\/div>\n<\/div>\n\n\r\n    <\/div>\r\n<\/section><section id=\"ls-section-block_3fdf577b070adf2a60e430672abd0a64\" class=\"ls-section  home-seventh has-background-image has-parallax\" >\r\n    <div class=\"ls-section__background-image opacity-100\"><img decoding=\"async\" src=\"https:\/\/www.camping-ametza.com\/wp-content\/uploads\/2023\/11\/nature-camping-ametza-scaled.webp\" alt=\"Nature Camping Ametza\"><\/div>    <div class=\"container \">\r\n        \n\n<div id=\"ls-heading ls-titre-div-block_a2b5d10a5519fa8095f91c011f5d183e\" class=\"ls-titre-div column-parallax-slow-reverse h1-like has-text-color has-color-white-color\" >\n    Ihre Fragen <strong>rund um den Van<\/strong> <em>im Baskenland<\/em><\/div>\n\n\n\n<div class=\"wp-block-columns is-layout-flex wp-container-core-columns-is-layout-9d6595d7 wp-block-columns-is-layout-flex\">\n<div class=\"wp-block-column is-layout-flow wp-block-column-is-layout-flow\"><div id=\"faq\" class=\"faq-container\"><div class=\"faq-wrap\" itemscope=\"\" itemtype=\"https:\/\/schema.org\/FAQPage\"><div class=\"faq__box faq__item\"><div class=\"faq__container\"><div class=\"faq__block\" itemscope=\"\" itemprop=\"mainEntity\" itemtype=\"https:\/\/schema.org\/Question\"><details class=\"faq\"><summary class=\"faq-question\" itemprop=\"name\"><>Wie w\u00e4hle ich meinen Van-Campingplatz richtig aus?  <\/><span class=\"faq-opener\"><\/span><\/summary><div class=\"content\" itemscope=\"\" itemprop=\"acceptedAnswer\" itemtype=\"https:\/\/schema.org\/Answer\"><div itemprop=\"text\"><p><em><p>Um in der Region <strong>Baskenland<\/strong> mit dem Van zu campen, ist es ideal, einen Campingplatz zu finden, der in einer <strong>ruhigen und gr\u00fcnen Umgebung<\/strong> liegt. Setzen Sie auf einen 4-Sterne-Campingplatz wie Ametza, der Ihren <strong>Van mit allen praktischen Einrichtungen<\/strong> empf\u00e4ngt, die f\u00fcr einen komfortablen Aufenthalt notwendig sind.<\/p>\n<p>Der Campingplatz muss Ihnen alle <strong>Einrichtungen<\/strong> zur Verf\u00fcgung stellen, die Sie zus\u00e4tzlich zu dem, was Sie in Ihrem ausgebauten Kastenwagen haben, <strong>ben\u00f6tigen<\/strong>. Es ist auch wichtig, einen <strong>privaten und intimen Standort<\/strong> f\u00fcr Ihren Van zu bevorzugen, an dem Sie sich zu Ihrem eigenen Komfort wohlf\u00fchlen.<\/p>\n<p>Genie\u00dfen Sie Ihren <strong>Urlaub in aller Ruhe<\/strong> und w\u00e4hlen Sie den Campingplatz, der Ihnen alle Arten von Mietunterk\u00fcnften anbietet: Mobilheime, Zelte oder <a href=\"https:\/\/www.camping-ametza.com\/de\/ferienwohnungen\/privater-sanitarplatz\/\">Stellpl\u00e4tze mit eigener Sanit\u00e4ranlage<\/a> f\u00fcr Vans. Wenn Sie in einem ausgebauten Kastenwagen reisen,<strong> sehnen Sie sich nach Freiheit und Freude<\/strong>. W\u00e4hlen Sie daher eine Einrichtung, die eine <strong>freundliche festliche Atmosph\u00e4re und unterhaltsame Aktivit\u00e4ten<\/strong> bietet. Das letzte Kriterium f\u00fcr einen guten Van-Campingplatz bezieht sich auf das Preis-Leistungs-Verh\u00e4ltnis. Entscheiden Sie sich f\u00fcr einen Campingplatz, der qualitativ hochwertige Dienstleistungen zu einem erschwinglichen Preis anbietet.<\/p>\n<\/em><\/p><\/div><\/div><\/details><\/div><\/div><\/div><\/div><\/div><\/div>\n<\/div>\n\n\r\n    <\/div>\r\n<\/section><section id=\"ls-section-block_4406a46f1493e24158186ee101ccfd3e\" class=\"ls-section \" >\r\n        <div class=\"container container--wide\">\r\n        \n\n<div id=\"ls-heading ls-titre-div-block_0a00739af05f57e05f971e57b26c3a1a\" class=\"ls-titre-div aligncenter h2-like\" >\n     <strong>Andere Arten <\/strong> <span>Vermietungen<\/span><\/div>\n\n\n\n<div id=\"ls-maillage-block_44a4ff6f7d4f09a0fd04c2daeb488073\" class=\"ls-maillage cta-style-normal\" data-rows=\"3\">\n\n    <div class=\"wp-block-columns\"><div class=\"wp-block-column\"><div class=\"ls-cta\">\n\n<a href=\"https:\/\/www.camping-ametza.com\/de\/ferienwohnungen\/miet-chalet-baskenland\/\" target=\"\" rel=\"noopener\" class=\"ls-cta__link\">\n\n\t<div class=\"ls-cta__image\"><img decoding=\"async\" src=\"https:\/\/www.camping-ametza.com\/wp-content\/uploads\/2023\/12\/AMETZA-CHALET-ROUGE-gamme-nature-charme.webp\" alt=\"AMETZA CHALET ROUGE Bereich Natur Charme\"><\/div>\n\n\t<div class=\"ls-cta__content\">\n\t\t<div class=\"ls-cta__title\">\n\t\t\tChalet\t\t<\/div>\n\n\t\t\t<\/div>\n\n<\/a><\/div><\/div><div class=\"wp-block-column\"><div class=\"ls-cta\">\n\n<a href=\"https:\/\/www.camping-ametza.com\/de\/ferienwohnungen\/ungewohnliche-unterkunft-im-baskenland\/\" target=\"\" rel=\"noopener\" class=\"ls-cta__link\">\n\n\t<div class=\"ls-cta__image\"><img decoding=\"async\" src=\"https:\/\/www.camping-ametza.com\/wp-content\/uploads\/2023\/12\/cocosweet-nature-harmonie-camping-ametza.webp\" alt=\"cocosweet natur harmonie camping ametza\"><\/div>\n\n\t<div class=\"ls-cta__content\">\n\t\t<div class=\"ls-cta__title\">\n\t\t\tUngew\u00f6hnlich\t\t<\/div>\n\n\t\t\t<\/div>\n\n<\/a><\/div><\/div><div class=\"wp-block-column\"><div class=\"ls-cta\">\n\n<a href=\"https:\/\/www.camping-ametza.com\/de\/ferienwohnungen\/billiges-camping-im-baskenland\/\" target=\"\" rel=\"noopener\" class=\"ls-cta__link\">\n\n\t<div class=\"ls-cta__image\"><img decoding=\"async\" src=\"https:\/\/www.camping-ametza.com\/wp-content\/uploads\/2023\/11\/emerveiller-mobil-homes-camping-pays-basque.webp\" alt=\"emerveiller mobil homes camping pays basque\"><\/div>\n\n\t<div class=\"ls-cta__content\">\n\t\t<div class=\"ls-cta__title\">\n\t\t\tTarife\t\t<\/div>\n\n\t\t\t<\/div>\n\n<\/a><\/div><\/div><\/div><div class=\"wp-block-columns\"><div class=\"wp-block-column\"><div class=\"ls-cta\">\n\n<a href=\"https:\/\/www.camping-ametza.com\/de\/ferienwohnungen\/standorte-camping-baskenland\/\" target=\"\" rel=\"noopener\" class=\"ls-cta__link\">\n\n\t<div class=\"ls-cta__image\"><img decoding=\"async\" src=\"https:\/\/www.camping-ametza.com\/wp-content\/uploads\/2023\/11\/2-997499.jpg\" alt=\"\"><\/div>\n\n\t<div class=\"ls-cta__content\">\n\t\t<div class=\"ls-cta__title\">\n\t\t\tStandort\t\t<\/div>\n\n\t\t\t<\/div>\n\n<\/a><\/div><\/div><div class=\"wp-block-column\"><div class=\"ls-cta\">\n\n<a href=\"https:\/\/www.camping-ametza.com\/de\/ferienwohnungen\/vermietung-mobilheim-baskenland\/\" target=\"\" rel=\"noopener\" class=\"ls-cta__link\">\n\n\t<div class=\"ls-cta__image\"><img decoding=\"async\" src=\"https:\/\/www.camping-ametza.com\/wp-content\/uploads\/2023\/12\/mobil-homes-eco-concus-camping-ametza-hendaye-scaled.webp\" alt=\"mobilheime eco concus camping ametza hendaye\"><\/div>\n\n\t<div class=\"ls-cta__content\">\n\t\t<div class=\"ls-cta__title\">\n\t\t\tMobilheime\t\t<\/div>\n\n\t\t\t<\/div>\n\n<\/a><\/div><\/div><div class=\"wp-block-column\"><div class=\"ls-cta\">\n\n<a href=\"https:\/\/www.camping-ametza.com\/de\/ferienwohnungen\/privater-sanitarplatz\/\" target=\"\" rel=\"noopener\" class=\"ls-cta__link\">\n\n\t<div class=\"ls-cta__image\"><img decoding=\"async\" src=\"https:\/\/www.camping-ametza.com\/wp-content\/uploads\/2023\/12\/camping-ametza-emplacements-nature-authentique.webp\" alt=\"camping ametza stellpl\u00e4tze authentische natur\"><\/div>\n\n\t<div class=\"ls-cta__content\">\n\t\t<div class=\"ls-cta__title\">\n\t\t\tPrivater Sanit\u00e4rplatz\t\t<\/div>\n\n\t\t\t<\/div>\n\n<\/a><\/div><\/div><\/div>\n<\/div>\n\r\n    <\/div>\r\n<\/section>","protected":false},"excerpt":{"rendered":"","protected":false},"author":1,"featured_media":18143,"parent":22789,"menu_order":0,"comment_status":"closed","ping_status":"closed","template":"","meta":{"_acf_changed":false,"footnotes":""},"sujet":[],"class_list":["post-22921","page","type-page","status-publish","has-post-thumbnail","hentry"],"acf":[],"yoast_head":"<!-- This site is optimized with the Yoast SEO plugin v25.3 - https:\/\/yoast.com\/wordpress\/plugins\/seo\/ -->\n<title>Camping Van im Baskenland: Empfang Van auf Stellplatz in Hendaye<\/title>\n<meta name=\"description\" content=\"Entdecken Sie die speziellen Van-Campingpl\u00e4tze f\u00fcr Ihren Besuch im Baskenland auf dem Campingplatz Ametza in Hendaye!\" \/>\n<meta name=\"robots\" content=\"index, follow, max-snippet:-1, max-image-preview:large, max-video-preview:-1\" \/>\n<link rel=\"canonical\" href=\"https:\/\/www.camping-ametza.com\/de\/ferienwohnungen\/van\/\" \/>\n<meta property=\"og:locale\" content=\"de_DE\" \/>\n<meta property=\"og:type\" content=\"article\" \/>\n<meta property=\"og:title\" content=\"Camping Van im Baskenland: Empfang Van auf Stellplatz in Hendaye\" \/>\n<meta property=\"og:description\" content=\"Entdecken Sie die speziellen Van-Campingpl\u00e4tze f\u00fcr Ihren Besuch im Baskenland auf dem Campingplatz Ametza in Hendaye!\" \/>\n<meta property=\"og:url\" content=\"https:\/\/www.camping-ametza.com\/de\/ferienwohnungen\/van\/\" \/>\n<meta property=\"og:site_name\" content=\"Camping Ametza\" \/>\n<meta property=\"article:publisher\" content=\"https:\/\/www.facebook.com\/camping.ametza\" \/>\n<meta property=\"article:modified_time\" content=\"2024-01-09T14:56:55+00:00\" \/>\n<meta property=\"og:image\" content=\"https:\/\/www.camping-ametza.com\/wp-content\/uploads\/2023\/12\/AMETZA-EMPLACEMENTS-camper-pays-basque-petit-prix.webp\" \/>\n\t<meta property=\"og:image:width\" content=\"1500\" \/>\n\t<meta property=\"og:image:height\" content=\"1000\" \/>\n\t<meta property=\"og:image:type\" content=\"image\/webp\" \/>\n<meta name=\"twitter:card\" content=\"summary_large_image\" \/>\n<meta name=\"twitter:label1\" content=\"Gesch\u00e4tzte Lesezeit\" \/>\n\t<meta name=\"twitter:data1\" content=\"3\u00a0Minuten\" \/>\n<script type=\"application\/ld+json\" class=\"yoast-schema-graph\">{\"@context\":\"https:\/\/schema.org\",\"@graph\":[{\"@type\":\"WebPage\",\"@id\":\"https:\/\/www.camping-ametza.com\/de\/ferienwohnungen\/van\/\",\"url\":\"https:\/\/www.camping-ametza.com\/de\/ferienwohnungen\/van\/\",\"name\":\"Camping Van im Baskenland: Empfang Van auf Stellplatz in Hendaye\",\"isPartOf\":{\"@id\":\"https:\/\/www.camping-ametza.com\/de\/#website\"},\"primaryImageOfPage\":{\"@id\":\"https:\/\/www.camping-ametza.com\/de\/ferienwohnungen\/van\/#primaryimage\"},\"image\":{\"@id\":\"https:\/\/www.camping-ametza.com\/de\/ferienwohnungen\/van\/#primaryimage\"},\"thumbnailUrl\":\"https:\/\/www.camping-ametza.com\/wp-content\/uploads\/2023\/12\/AMETZA-EMPLACEMENTS-camper-pays-basque-petit-prix.webp\",\"datePublished\":\"2023-12-28T13:47:07+00:00\",\"dateModified\":\"2024-01-09T14:56:55+00:00\",\"description\":\"Entdecken Sie die speziellen Van-Campingpl\u00e4tze f\u00fcr Ihren Besuch im Baskenland auf dem Campingplatz Ametza in Hendaye!\",\"breadcrumb\":{\"@id\":\"https:\/\/www.camping-ametza.com\/de\/ferienwohnungen\/van\/#breadcrumb\"},\"inLanguage\":\"de\",\"potentialAction\":[{\"@type\":\"ReadAction\",\"target\":[\"https:\/\/www.camping-ametza.com\/de\/ferienwohnungen\/van\/\"]}]},{\"@type\":\"ImageObject\",\"inLanguage\":\"de\",\"@id\":\"https:\/\/www.camping-ametza.com\/de\/ferienwohnungen\/van\/#primaryimage\",\"url\":\"https:\/\/www.camping-ametza.com\/wp-content\/uploads\/2023\/12\/AMETZA-EMPLACEMENTS-camper-pays-basque-petit-prix.webp\",\"contentUrl\":\"https:\/\/www.camping-ametza.com\/wp-content\/uploads\/2023\/12\/AMETZA-EMPLACEMENTS-camper-pays-basque-petit-prix.webp\",\"width\":1500,\"height\":1000,\"caption\":\"AMETZA STELLPL\u00c4TZE Camper Baskenland kleiner Preis\"},{\"@type\":\"BreadcrumbList\",\"@id\":\"https:\/\/www.camping-ametza.com\/de\/ferienwohnungen\/van\/#breadcrumb\",\"itemListElement\":[{\"@type\":\"ListItem\",\"position\":1,\"name\":\"Camping Hendaye, au Pays basque\",\"item\":\"https:\/\/www.camping-ametza.com\/de\/\"},{\"@type\":\"ListItem\",\"position\":2,\"name\":\"Ferienh\u00e4user\",\"item\":\"https:\/\/www.camping-ametza.com\/de\/ferienwohnungen\/\"},{\"@type\":\"ListItem\",\"position\":3,\"name\":\"Startseite Van\"}]},{\"@type\":\"WebSite\",\"@id\":\"https:\/\/www.camping-ametza.com\/de\/#website\",\"url\":\"https:\/\/www.camping-ametza.com\/de\/\",\"name\":\"Camping Ametza\",\"description\":\"Ametza, ensemble autrement\",\"publisher\":{\"@id\":\"https:\/\/www.camping-ametza.com\/de\/#organization\"},\"alternateName\":\"Ametza\",\"potentialAction\":[{\"@type\":\"SearchAction\",\"target\":{\"@type\":\"EntryPoint\",\"urlTemplate\":\"https:\/\/www.camping-ametza.com\/de\/?s={search_term_string}\"},\"query-input\":{\"@type\":\"PropertyValueSpecification\",\"valueRequired\":true,\"valueName\":\"search_term_string\"}}],\"inLanguage\":\"de\"},{\"@type\":\"Organization\",\"@id\":\"https:\/\/www.camping-ametza.com\/de\/#organization\",\"name\":\"Camping Ametza\",\"alternateName\":\"Ametza\",\"url\":\"https:\/\/www.camping-ametza.com\/de\/\",\"logo\":{\"@type\":\"ImageObject\",\"inLanguage\":\"de\",\"@id\":\"https:\/\/www.camping-ametza.com\/de\/#\/schema\/logo\/image\/\",\"url\":\"https:\/\/www.camping-ametza.com\/wp-content\/uploads\/2023\/11\/logo-camping-ametza-1.webp\",\"contentUrl\":\"https:\/\/www.camping-ametza.com\/wp-content\/uploads\/2023\/11\/logo-camping-ametza-1.webp\",\"width\":296,\"height\":296,\"caption\":\"Camping Ametza\"},\"image\":{\"@id\":\"https:\/\/www.camping-ametza.com\/de\/#\/schema\/logo\/image\/\"},\"sameAs\":[\"https:\/\/www.facebook.com\/camping.ametza\"]}]}<\/script>\n<!-- \/ Yoast SEO plugin. -->","yoast_head_json":{"title":"Camping Van im Baskenland: Empfang Van auf Stellplatz in Hendaye","description":"Entdecken Sie die speziellen Van-Campingpl\u00e4tze f\u00fcr Ihren Besuch im Baskenland auf dem Campingplatz Ametza in Hendaye!","robots":{"index":"index","follow":"follow","max-snippet":"max-snippet:-1","max-image-preview":"max-image-preview:large","max-video-preview":"max-video-preview:-1"},"canonical":"https:\/\/www.camping-ametza.com\/de\/ferienwohnungen\/van\/","og_locale":"de_DE","og_type":"article","og_title":"Camping Van im Baskenland: Empfang Van auf Stellplatz in Hendaye","og_description":"Entdecken Sie die speziellen Van-Campingpl\u00e4tze f\u00fcr Ihren Besuch im Baskenland auf dem Campingplatz Ametza in Hendaye!","og_url":"https:\/\/www.camping-ametza.com\/de\/ferienwohnungen\/van\/","og_site_name":"Camping Ametza","article_publisher":"https:\/\/www.facebook.com\/camping.ametza","article_modified_time":"2024-01-09T14:56:55+00:00","og_image":[{"width":1500,"height":1000,"url":"https:\/\/www.camping-ametza.com\/wp-content\/uploads\/2023\/12\/AMETZA-EMPLACEMENTS-camper-pays-basque-petit-prix.webp","type":"image\/webp"}],"twitter_card":"summary_large_image","twitter_misc":{"Gesch\u00e4tzte Lesezeit":"3\u00a0Minuten"},"schema":{"@context":"https:\/\/schema.org","@graph":[{"@type":"WebPage","@id":"https:\/\/www.camping-ametza.com\/de\/ferienwohnungen\/van\/","url":"https:\/\/www.camping-ametza.com\/de\/ferienwohnungen\/van\/","name":"Camping Van im Baskenland: Empfang Van auf Stellplatz in Hendaye","isPartOf":{"@id":"https:\/\/www.camping-ametza.com\/de\/#website"},"primaryImageOfPage":{"@id":"https:\/\/www.camping-ametza.com\/de\/ferienwohnungen\/van\/#primaryimage"},"image":{"@id":"https:\/\/www.camping-ametza.com\/de\/ferienwohnungen\/van\/#primaryimage"},"thumbnailUrl":"https:\/\/www.camping-ametza.com\/wp-content\/uploads\/2023\/12\/AMETZA-EMPLACEMENTS-camper-pays-basque-petit-prix.webp","datePublished":"2023-12-28T13:47:07+00:00","dateModified":"2024-01-09T14:56:55+00:00","description":"Entdecken Sie die speziellen Van-Campingpl\u00e4tze f\u00fcr Ihren Besuch im Baskenland auf dem Campingplatz Ametza in Hendaye!","breadcrumb":{"@id":"https:\/\/www.camping-ametza.com\/de\/ferienwohnungen\/van\/#breadcrumb"},"inLanguage":"de","potentialAction":[{"@type":"ReadAction","target":["https:\/\/www.camping-ametza.com\/de\/ferienwohnungen\/van\/"]}]},{"@type":"ImageObject","inLanguage":"de","@id":"https:\/\/www.camping-ametza.com\/de\/ferienwohnungen\/van\/#primaryimage","url":"https:\/\/www.camping-ametza.com\/wp-content\/uploads\/2023\/12\/AMETZA-EMPLACEMENTS-camper-pays-basque-petit-prix.webp","contentUrl":"https:\/\/www.camping-ametza.com\/wp-content\/uploads\/2023\/12\/AMETZA-EMPLACEMENTS-camper-pays-basque-petit-prix.webp","width":1500,"height":1000,"caption":"AMETZA STELLPL\u00c4TZE Camper Baskenland kleiner Preis"},{"@type":"BreadcrumbList","@id":"https:\/\/www.camping-ametza.com\/de\/ferienwohnungen\/van\/#breadcrumb","itemListElement":[{"@type":"ListItem","position":1,"name":"Camping Hendaye, au Pays basque","item":"https:\/\/www.camping-ametza.com\/de\/"},{"@type":"ListItem","position":2,"name":"Ferienh\u00e4user","item":"https:\/\/www.camping-ametza.com\/de\/ferienwohnungen\/"},{"@type":"ListItem","position":3,"name":"Startseite Van"}]},{"@type":"WebSite","@id":"https:\/\/www.camping-ametza.com\/de\/#website","url":"https:\/\/www.camping-ametza.com\/de\/","name":"Camping Ametza","description":"Ametza, ensemble autrement","publisher":{"@id":"https:\/\/www.camping-ametza.com\/de\/#organization"},"alternateName":"Ametza","potentialAction":[{"@type":"SearchAction","target":{"@type":"EntryPoint","urlTemplate":"https:\/\/www.camping-ametza.com\/de\/?s={search_term_string}"},"query-input":{"@type":"PropertyValueSpecification","valueRequired":true,"valueName":"search_term_string"}}],"inLanguage":"de"},{"@type":"Organization","@id":"https:\/\/www.camping-ametza.com\/de\/#organization","name":"Camping Ametza","alternateName":"Ametza","url":"https:\/\/www.camping-ametza.com\/de\/","logo":{"@type":"ImageObject","inLanguage":"de","@id":"https:\/\/www.camping-ametza.com\/de\/#\/schema\/logo\/image\/","url":"https:\/\/www.camping-ametza.com\/wp-content\/uploads\/2023\/11\/logo-camping-ametza-1.webp","contentUrl":"https:\/\/www.camping-ametza.com\/wp-content\/uploads\/2023\/11\/logo-camping-ametza-1.webp","width":296,"height":296,"caption":"Camping Ametza"},"image":{"@id":"https:\/\/www.camping-ametza.com\/de\/#\/schema\/logo\/image\/"},"sameAs":["https:\/\/www.facebook.com\/camping.ametza"]}]}},"_links":{"self":[{"href":"https:\/\/www.camping-ametza.com\/de\/wp-json\/wp\/v2\/pages\/22921","targetHints":{"allow":["GET"]}}],"collection":[{"href":"https:\/\/www.camping-ametza.com\/de\/wp-json\/wp\/v2\/pages"}],"about":[{"href":"https:\/\/www.camping-ametza.com\/de\/wp-json\/wp\/v2\/types\/page"}],"author":[{"embeddable":true,"href":"https:\/\/www.camping-ametza.com\/de\/wp-json\/wp\/v2\/users\/1"}],"replies":[{"embeddable":true,"href":"https:\/\/www.camping-ametza.com\/de\/wp-json\/wp\/v2\/comments?post=22921"}],"version-history":[{"count":4,"href":"https:\/\/www.camping-ametza.com\/de\/wp-json\/wp\/v2\/pages\/22921\/revisions"}],"predecessor-version":[{"id":25353,"href":"https:\/\/www.camping-ametza.com\/de\/wp-json\/wp\/v2\/pages\/22921\/revisions\/25353"}],"up":[{"embeddable":true,"href":"https:\/\/www.camping-ametza.com\/de\/wp-json\/wp\/v2\/pages\/22789"}],"wp:featuredmedia":[{"embeddable":true,"href":"https:\/\/www.camping-ametza.com\/de\/wp-json\/wp\/v2\/media\/18143"}],"wp:attachment":[{"href":"https:\/\/www.camping-ametza.com\/de\/wp-json\/wp\/v2\/media?parent=22921"}],"wp:term":[{"taxonomy":"sujet","embeddable":true,"href":"https:\/\/www.camping-ametza.com\/de\/wp-json\/wp\/v2\/sujet?post=22921"}],"curies":[{"name":"wp","href":"https:\/\/api.w.org\/{rel}","templated":true}]}}